{"id":315,"date":"2021-08-30T17:41:52","date_gmt":"2021-08-30T17:41:52","guid":{"rendered":"http:\/\/192.168.0.108\/godbrother_wordpress\/?page_id=315"},"modified":"2021-08-30T17:59:52","modified_gmt":"2021-08-30T17:59:52","slug":"89-1988-xii-20-mt-rendelet-a-kozuti-kozlekedesi-szolgaltatasokrol-es-a-kozuti-jarmuvek-uzemben-tartasarol","status":"publish","type":"page","link":"http:\/\/godbrother.hu\/index.php\/89-1988-xii-20-mt-rendelet-a-kozuti-kozlekedesi-szolgaltatasokrol-es-a-kozuti-jarmuvek-uzemben-tartasarol\/","title":{"rendered":"89\/1988. (XII. 20.) MT RENDELET A K\u00d6Z\u00daTI K\u00d6ZLEKED\u00c9SI SZOLG\u00c1LTAT\u00c1SOKR\u00d3L \u00c9S A K\u00d6Z\u00daTI J\u00c1RM\u0170VEK \u00dcZEMBEN TART\u00c1S\u00c1R\u00d3L"},"content":{"rendered":"\n<p class=\"has-text-align-left\"><strong>1. \u00a7<\/strong><\/p>\n\n\n\n<p>(1) A rendelet hat\u00e1lya azokra a gazd\u00e1lkod\u00f3 szervezetekre [a Polg\u00e1ri T\u00f6rv\u00e9nyk\u00f6nyvr\u0151l sz\u00f3l\u00f3 1959. \u00e9vi IV. t\u00f6rv\u00e9ny (Ptk.) 685. \u00a7-\u00e1nak&nbsp;<em>c)<\/em>&nbsp;pontja] terjed ki, amelyek<\/p>\n\n\n\n<p><em>a)<\/em>&nbsp;a Magyar K\u00f6zt\u00e1rsas\u00e1g ter\u00fclet\u00e9n belf\u00f6ldi vagy nemzetk\u00f6zi forgalomban \u2013 ide\u00e9rtve az \u00e1tmen\u0151 forgalmat is \u2013 k\u00f6z\u00fati k\u00f6zleked\u00e9si szolg\u00e1ltat\u00e1st v\u00e9geznek, illet\u0151leg a Magyar K\u00f6zt\u00e1rsas\u00e1g ter\u00fclet\u00e9n k\u00f6z\u00fati j\u00e1rm\u0171vet (a tov\u00e1bbiakban: j\u00e1rm\u0171) tartanak \u00fczemben;<\/p>\n\n\n\n<p><em>b)<\/em>&nbsp;a Magyar K\u00f6zt\u00e1rsas\u00e1g ter\u00fclet\u00e9n k\u00edv\u00fcl magyar hat\u00f3s\u00e1gi enged\u00e9llyel \u00e9s jelz\u00e9ssel ell\u00e1tott j\u00e1rm\u0171vel k\u00f6z\u00fati \u00e1rusz\u00e1ll\u00edt\u00e1st vagy szem\u00e9lysz\u00e1ll\u00edt\u00e1st v\u00e9geznek;<\/p>\n\n\n\n<p><em>c)<\/em>&nbsp;a k\u00fcl\u00f6n jogszab\u00e1lyban meghat\u00e1rozott C1, C1+E, C, C+E, illetve D1, D1+E, D, D+E kateg\u00f3ri\u00e1ban \u00e9rv\u00e9nyes\u00edtett vezet\u0151i enged\u00e9llyel vezethet\u0151 g\u00e9pkocsival k\u00f6z\u00fati \u00e1ru- vagy szem\u00e9lysz\u00e1ll\u00edt\u00e1st v\u00e9geznek, a 11. \u00a7 (1) bekezd\u00e9se \u00e9s az 1. sz\u00e1m\u00fa mell\u00e9klet rendelkez\u00e9sei tekintet\u00e9ben.<\/p>\n\n\n\n<p>(2)A rendelet alkalmaz\u00e1s\u00e1ban k\u00f6z\u00fati k\u00f6zleked\u00e9si szolg\u00e1ltat\u00e1s: j\u00e1rm\u0171vel \u00fczletszer\u0171en [d\u00edj ellen\u00e9ben (ellen\u00e9rt\u00e9k fej\u00e9ben), gazdas\u00e1gi tev\u00e9kenys\u00e9gk\u00e9nt] v\u00e9gzett szem\u00e9lysz\u00e1ll\u00edt\u00e1s, \u00e1rusz\u00e1ll\u00edt\u00e1s, b\u00e9rvontat\u00e1s \u00e9s aut\u00f3ment\u00e9s, ide\u00e9rtve a j\u00e1rm\u0171 g\u00e9pj\u00e1rm\u0171vezet\u0151vel egy\u00fctt t\u00f6rt\u00e9n\u0151 rendelkez\u00e9sre bocs\u00e1t\u00e1s\u00e1t is.<\/p>\n\n\n\n<p>(3)A rendelet alkalmaz\u00e1s\u00e1ban nem min\u0151s\u00fcl k\u00f6z\u00fati k\u00f6zleked\u00e9si szolg\u00e1ltat\u00e1snak a k\u00fcl\u00f6n jogszab\u00e1lyban meghat\u00e1rozott saj\u00e1t sz\u00e1ml\u00e1s \u00e1rusz\u00e1ll\u00edt\u00e1s \u00e9s saj\u00e1t sz\u00e1ml\u00e1s utassz\u00e1ll\u00edt\u00e1s.<\/p>\n\n\n\n<p class=\"has-text-align-left\"><strong>2. \u00a7<\/strong><\/p>\n\n\n\n<p>(1) K\u00f6z\u00fati k\u00f6zleked\u00e9si szolg\u00e1ltat\u00e1sk\u00e9nt<\/p>\n\n\n\n<p><em>a)<\/em>&nbsp;\u00e1rusz\u00e1ll\u00edt\u00e1s c\u00e9lj\u00e1ra szolg\u00e1l\u00f3 j\u00e1rm\u0171vel<\/p>\n\n\n\n<p><em>aa)<\/em>&nbsp;k\u00f6z\u00fati \u00e1rufuvaroz\u00e1s a 4. \u00a7-ban,<\/p>\n\n\n\n<p><em>ab)<\/em>&nbsp;nemzetk\u00f6zi k\u00f6z\u00fati \u00e1rufuvaroz\u00e1s a 4\/A. \u00a7-ban;<\/p>\n\n\n\n<p><em>b)<\/em>&nbsp;aut\u00f3busszal szem\u00e9lysz\u00e1ll\u00edt\u00e1s az 5. \u00a7-ban;<\/p>\n\n\n\n<p><em>c)<\/em>&nbsp;szem\u00e9lyg\u00e9pkocsival<\/p>\n\n\n\n<p><em>ca)<\/em>&nbsp;szem\u00e9lytaxi-szolg\u00e1ltat\u00e1s az 5\/A. \u00a7-ban,<\/p>\n\n\n\n<p><em>cb)<\/em>&nbsp;szem\u00e9lysz\u00e1ll\u00edt\u00f3 szolg\u00e1ltat\u00e1s az 5\/B. \u00a7-ban<\/p>\n\n\n\n<p id=\"KI\">meghat\u00e1rozott enged\u00e9llyel v\u00e9gezhet\u0151.<\/p>\n\n\n\n<p>(2)Aki rendszeres gazdas\u00e1gi tev\u00e9kenys\u00e9gk\u00e9nt az (1) bekezd\u00e9sben nem szerepl\u0151 k\u00f6z\u00fati k\u00f6zleked\u00e9si szolg\u00e1ltat\u00e1st k\u00edv\u00e1n v\u00e9gezni, k\u00f6teles azt, a tev\u00e9kenys\u00e9g megkezd\u00e9se el\u0151tt legal\u00e1bb 30 nappal a k\u00f6zleked\u00e9si hat\u00f3s\u00e1gnak bejelenteni. A bejelent\u00e9snek tartalmaznia kell a tev\u00e9kenys\u00e9g megjel\u00f6l\u00e9s\u00e9t, az ahhoz haszn\u00e1lni k\u00edv\u00e1nt j\u00e1rm\u0171 (j\u00e1rm\u0171vek) jelleg\u00e9t, telephely\u00e9t (t\u00e1rol\u00e1s\u00e1nak hely\u00e9t). A k\u00f6zleked\u00e9si hat\u00f3s\u00e1g a tev\u00e9kenys\u00e9g megkezd\u00e9s\u00e9t megtiltja, ha az annak v\u00e9gz\u00e9s\u00e9hez el\u0151\u00edrt felt\u00e9telek hi\u00e1nyoznak.<\/p>\n\n\n\n<p class=\"has-text-align-left\"><strong>3. \u00a7&nbsp;<\/strong><\/p>\n\n\n\n<p>A k\u00f6z\u00fati k\u00f6zleked\u00e9si szolg\u00e1ltat\u00e1s csak abban az esetben kezdhet\u0151 meg, ha a szolg\u00e1ltat\u00e1st v\u00e9gz\u0151 a 2. \u00a7 (1) bekezd\u00e9s\u00e9ben megjel\u00f6lt tev\u00e9kenys\u00e9gre az enged\u00e9lyt megszerezte, illet\u0151leg a 2. \u00a7 (2) bekezd\u00e9s\u00e9ben el\u0151\u00edrt bejelent\u00e9si k\u00f6telezetts\u00e9g\u00e9nek eleget tett, tov\u00e1bb\u00e1 a 2. \u00a7 (1) bekezd\u00e9s\u00e9nek&nbsp;<em>c)<\/em>&nbsp;pontj\u00e1ban foglalt tev\u00e9kenys\u00e9ghez haszn\u00e1lt, enged\u00e9lyezett j\u00e1rm\u0171vet (j\u00e1rm\u0171veket) k\u00fcl\u00f6n jogszab\u00e1lyban meghat\u00e1rozott sz\u00edn\u0171 hat\u00f3s\u00e1gi jelz\u00e9ssel (a tov\u00e1bbiakban: k\u00fcl\u00f6nleges rendsz\u00e1mt\u00e1bla) l\u00e1tt\u00e1k el. K\u00fcl\u00f6nleges rendsz\u00e1mt\u00e1bl\u00e1val a 2. \u00a7 (1) bekezd\u00e9s\u00e9nek&nbsp;<em>a)<\/em>&nbsp;\u00e9s&nbsp;<em>b)<\/em>&nbsp;pontj\u00e1ban foglalt tev\u00e9kenys\u00e9gekhez haszn\u00e1lt j\u00e1rm\u0171 is ell\u00e1that\u00f3.<\/p>\n\n\n\n<p class=\"has-text-align-left\"><strong>3\/A. \u00a7<\/strong><\/p>\n\n\n\n<p>(1) K\u00f6z\u00fati \u00e1rufuvaroz\u00f3i enged\u00e9ly vagy aut\u00f3buszos szem\u00e9lysz\u00e1ll\u00edt\u00f3 enged\u00e9ly annak a v\u00e1llalkoz\u00e1snak adhat\u00f3, amelyn\u00e9l<\/p>\n\n\n\n<p><em>a)<\/em>&nbsp;az \u00fcgyvezet\u00e9st \u00e9s a szakmai ir\u00e1ny\u00edt\u00e1st ell\u00e1t\u00f3 szem\u00e9ly mind erk\u00f6lcsi, mind szakmai szempontb\u00f3l kifog\u00e1stalan el\u0151\u00e9let\u0171 (j\u00f3 h\u00edrn\u00e9v);<\/p>\n\n\n\n<p><em>b)<\/em>&nbsp;a szakmai ir\u00e1ny\u00edt\u00e1st ell\u00e1t\u00f3 szem\u00e9ly rendelkezik a v\u00e1llalkoz\u00e1s vitel\u00e9hez sz\u00fcks\u00e9ges, jogszab\u00e1lyban meghat\u00e1rozott \u00e1tfog\u00f3 ismeretekkel (szakmai alkalmass\u00e1g);<\/p>\n\n\n\n<p><em>c)<\/em>&nbsp;a tev\u00e9kenys\u00e9g megkezd\u00e9s\u00e9hez \u00e9s folyamatos v\u00e9gz\u00e9s\u00e9hez sz\u00fcks\u00e9ges p\u00e9nzeszk\u00f6z\u00f6k bizony\u00edtottan rendelkez\u00e9sre \u00e1llnak (megfelel\u0151 p\u00e9nz\u00fcgyi helyzet).<\/p>\n\n\n\n<p>(2) A szakmai ir\u00e1ny\u00edt\u00f3 szem\u00e9ly\u00e9nek v\u00e1ltoz\u00e1sa eset\u00e9n az (1) bekezd\u00e9s&nbsp;<em>b)<\/em>&nbsp;pontj\u00e1ban foglalt felt\u00e9tel teljes\u00edt\u00e9se n\u00e9lk\u00fcl \u2013 a k\u00f6zleked\u00e9si hat\u00f3s\u00e1g j\u00f3v\u00e1hagy\u00e1s\u00e1val \u2013 a tev\u00e9kenys\u00e9g a k\u00fcl\u00f6n jogszab\u00e1lyban meghat\u00e1rozott ideig folytathat\u00f3. Amennyiben az (1) bekezd\u00e9s&nbsp;<em>c)<\/em>&nbsp;pontj\u00e1ban meghat\u00e1rozott felt\u00e9tel m\u00e1r nem teljes\u00fcl, a k\u00f6zleked\u00e9si hat\u00f3s\u00e1g \u2013 megfelel\u0151 biztos\u00edt\u00e9k eset\u00e9n \u2013 legfeljebb 12 h\u00f3napra halad\u00e9kot adhat a v\u00e1llalkoz\u00e1snak.<\/p>\n\n\n\n<p>(3) A k\u00f6z\u00fati \u00e1rufuvaroz\u00f3i enged\u00e9lyt vagy az aut\u00f3buszos szem\u00e9lysz\u00e1ll\u00edt\u00f3 enged\u00e9lyt vissza kell vonni, ha olyan k\u00f6r\u00fclm\u00e9ny mer\u00fcl fel, amely az enged\u00e9ly kiad\u00e1s\u00e1t kiz\u00e1rn\u00e1, tov\u00e1bb\u00e1, ha a v\u00e1llalkoz\u00e1s a tev\u00e9kenys\u00e9get egy\u00e1ltal\u00e1n nem vagy nem a szakmai el\u0151\u00edr\u00e1soknak megfelel\u0151en gyakorolja.<\/p>\n\n\n\n<p><strong>4. \u00a7<\/strong><\/p>\n\n\n\n<p>(1)K\u00f6z\u00fati \u00e1rufuvaroz\u00e1st a belf\u00f6ldi sz\u00e9khely\u0171 jogi szem\u00e9ly, jogi szem\u00e9lyis\u00e9ggel nem rendelkez\u0151 gazdas\u00e1gi t\u00e1rsas\u00e1g \u00e9s egy\u00e9ni v\u00e1llalkoz\u00f3 (a tov\u00e1bbiakban egy\u00fctt: v\u00e1llalkoz\u00e1s) csak abban az esetben v\u00e9gezhet, ha k\u00e9relm\u00e9re a k\u00f6zleked\u00e9si hat\u00f3s\u00e1gt\u00f3l k\u00f6z\u00fati \u00e1rufuvaroz\u00f3i enged\u00e9lyt kapott.<\/p>\n\n\n\n<p>(2)\u2013(3)<\/p>\n\n\n\n<p>(4) A k\u00f6z\u00fati \u00e1rufuvaroz\u00f3i enged\u00e9lyt legfeljebb 5 \u00e9vre lehet kiadni. Az enged\u00e9ly kiad\u00e1sa \u00e9s annak az id\u0151beli hat\u00e1ly lej\u00e1rt\u00e1t k\u00f6vet\u0151 meghosszabb\u00edt\u00e1sa csak abban az esetben tagadhat\u00f3 meg, ha a k\u00e9relem teljes\u00edt\u00e9se jogszab\u00e1lyba \u00fctk\u00f6zik.<br>(5)<\/p>\n\n\n\n<p><strong>4\/A. \u00a7<\/strong><\/p>\n\n\n\n<p>Nemzetk\u00f6zi k\u00f6z\u00fati \u00e1rufuvaroz\u00e1st a belf\u00f6ldi sz\u00e9khely\u0171 v\u00e1llalkoz\u00e1s abban az esetben v\u00e9gezhet, ha k\u00e9relm\u00e9re a k\u00f6zleked\u00e9si hat\u00f3s\u00e1gt\u00f3l \u2013 k\u00fcl\u00f6n jogszab\u00e1ly alapj\u00e1n \u2013 k\u00f6z\u00fati \u00e1rufuvaroz\u00f3i enged\u00e9lyt, tov\u00e1bb\u00e1 k\u00f6z\u00f6ss\u00e9gi enged\u00e9lyt \u00e9s \u2013 nemzetk\u00f6zi szerz\u0151d\u00e9s el\u0151\u00edr\u00e1sa alapj\u00e1n \u2013 nemzetk\u00f6zi k\u00f6z\u00fati \u00e1rusz\u00e1ll\u00edt\u00e1si enged\u00e9lyt (a tov\u00e1bbiakban: \u00e1rusz\u00e1ll\u00edt\u00e1si enged\u00e9ly) kapott.<\/p>\n\n\n\n<p><strong>5. \u00a7<\/strong><\/p>\n\n\n\n<p>(1) Aut\u00f3busszal d\u00edj ellen\u00e9ben szem\u00e9lysz\u00e1ll\u00edt\u00e1st a belf\u00f6ldi sz\u00e9khely\u0171 v\u00e1llalkoz\u00e1s abban az esetben v\u00e9gezhet, ha k\u00e9relm\u00e9re a k\u00f6zleked\u00e9si hat\u00f3s\u00e1gt\u00f3l \u2013 k\u00fcl\u00f6n jogszab\u00e1ly alapj\u00e1n \u2013 aut\u00f3buszos szem\u00e9lysz\u00e1ll\u00edt\u00f3 enged\u00e9lyt kapott. Nemzetk\u00f6zi szem\u00e9lysz\u00e1ll\u00edt\u00e1st a v\u00e1llalkoz\u00e1s csak a k\u00e9relm\u00e9re a k\u00f6zleked\u00e9si hat\u00f3s\u00e1g \u00e1ltal kiadott k\u00f6z\u00f6ss\u00e9gi enged\u00e9ly birtok\u00e1ban v\u00e9gezhet.<\/p>\n\n\n\n<p>(2) Aut\u00f3buszos szem\u00e9lysz\u00e1ll\u00edt\u00f3 enged\u00e9ly annak a v\u00e1llalkoz\u00e1snak adhat\u00f3, amely<\/p>\n\n\n\n<p><em>a)<\/em>&nbsp;k\u00fcl\u00f6n jogszab\u00e1ly, nemzetk\u00f6zi szerz\u0151d\u00e9s alapj\u00e1n jogosult, tov\u00e1bb\u00e1 aki e jogosulttal k\u00f6t\u00f6tt v\u00e1llalkoz\u00e1si szerz\u0151d\u00e9s alapj\u00e1n v\u00e1lik jogos\u00edtott\u00e1 menetrend szerinti k\u00f6zforgalm\u00fa k\u00f6z\u00fati szem\u00e9lysz\u00e1ll\u00edt\u00e1s v\u00e9gz\u00e9s\u00e9re;<\/p>\n\n\n\n<p><em>b)<\/em>&nbsp;megfelel a 3\/A. \u00a7 (1) bekezd\u00e9s\u00e9nek&nbsp;<em>a)\u2013c)<\/em>&nbsp;pontjaiban foglaltaknak;<\/p>\n\n\n\n<p><em>c)<\/em>&nbsp;alkalmas j\u00e1rm\u0171vel rendelkezik<\/p>\n\n\n\n<p><em>ca)<\/em>&nbsp;k\u00f6zforgalm\u00fa szem\u00e9lysz\u00e1ll\u00edt\u00e1sra a 8. \u00a7 (2) bekezd\u00e9s\u00e9ben meghat\u00e1rozott felt\u00e9telek szerint.<\/p>\n\n\n\n<p><em>cb)<\/em><\/p>\n\n\n\n<p>(3) Amennyiben a v\u00e1llalkoz\u00e1s a (2) bekezd\u00e9s&nbsp;<em>a)<\/em>&nbsp;vagy&nbsp;<em>ca)<\/em>&nbsp;pontj\u00e1ban foglalt felt\u00e9telnek nem felel meg, az aut\u00f3buszos szem\u00e9lysz\u00e1ll\u00edt\u00f3 enged\u00e9ly csak szerz\u0151d\u00e9ses \u00e9s k\u00fcl\u00f6nj\u00e1rati szem\u00e9lysz\u00e1ll\u00edt\u00e1s v\u00e9gz\u00e9s\u00e9re jogos\u00edt\u00f3 hat\u00e1llyal adhat\u00f3 ki.<\/p>\n\n\n\n<p>(4)<\/p>\n\n\n\n<p>(5) Az aut\u00f3buszos szem\u00e9lysz\u00e1ll\u00edt\u00f3 enged\u00e9ly 5 \u00e9vre, de legfeljebb a (2) bekezd\u00e9s&nbsp;<em>a)<\/em>&nbsp;pontja szerinti jogosults\u00e1g id\u0151tartam\u00e1ra adhat\u00f3 ki. Az enged\u00e9ly meghosszabb\u00edthat\u00f3. Az enged\u00e9ly kiad\u00e1sa \u00e9s meghosszabb\u00edt\u00e1sa csak abban az esetben tagadhat\u00f3 meg, ha a k\u00e9relem teljes\u00edt\u00e9se jogszab\u00e1lyba \u00fctk\u00f6zik.<\/p>\n\n\n\n<p>(6) A 3\/A. \u00a7 (1) bekezd\u00e9s\u00e9nek&nbsp;<em>b)<\/em>&nbsp;pontj\u00e1ban foglalt szakmai alkalmass\u00e1g \u00e9s&nbsp;<em>c)<\/em>&nbsp;pontj\u00e1ban foglalt megfelel\u0151 p\u00e9nz\u00fcgyi helyzet k\u00f6vetelm\u00e9ny\u00e9nek \u00e1tmeneti nem teljes\u00fcl\u00e9se eset\u00e9re a 3\/A. \u00a7 (2) bekezd\u00e9s\u00e9nek rendelkez\u00e9seit kell megfelel\u0151en alkalmazni. Az aut\u00f3buszos szem\u00e9lysz\u00e1ll\u00edt\u00f3 enged\u00e9ly visszavon\u00e1s\u00e1ra a 3\/A. \u00a7 (3) bekezd\u00e9se az ir\u00e1nyad\u00f3<\/p>\n\n\n\n<p>6. \u00a7&nbsp;<\/p>\n\n\n\n<p>(1) Aut\u00f3busszal nem k\u00f6z\u00fati k\u00f6zleked\u00e9si szolg\u00e1ltat\u00e1sk\u00e9nt a belf\u00f6ldi sz\u00e9khely\u0171 \u00fczembentart\u00f3 abban az esetben v\u00e9gezhet utassz\u00e1ll\u00edt\u00e1st, ha k\u00e9relm\u00e9re a k\u00f6zleked\u00e9si hat\u00f3s\u00e1gt\u00f3l \u2013 k\u00fcl\u00f6n jogszab\u00e1ly alapj\u00e1n \u2013 saj\u00e1t sz\u00e1ml\u00e1s utassz\u00e1ll\u00edt\u00e1sra sz\u00f3l\u00f3 igazolv\u00e1nyt kapott.<\/p>\n\n\n\n<p>(2) Az igazolv\u00e1ny abban az esetben adhat\u00f3 ki, ha az \u00fczembentart\u00f3 b\u00fcntet\u0151jogi felel\u0151ss\u00e9ge tudat\u00e1ban nyilatkozik, hogy az utassz\u00e1ll\u00edt\u00e1st nem gazdas\u00e1gi tev\u00e9kenys\u00e9gk\u00e9nt v\u00e9gzi, hanem azt a saj\u00e1t tulajdon\u00e1ban lev\u0151, illetve tart\u00f3san b\u00e9relt vagy l\u00edzingelt j\u00e1rm\u0171vel v\u00e9gzi \u00e9s a j\u00e1rm\u0171vet maga vagy tagja, illet\u0151leg szem\u00e9lyzete (alkalmazottja) vezeti.<\/p>\n\n\n\n<p>(3) Az igazolv\u00e1ny rendsz\u00e1mra sz\u00f3l\u00f3an, legfeljebb 5 \u00e9vre sz\u00f3l\u00f3 hat\u00e1llyal adhat\u00f3 ki.<\/p>\n\n\n\n<p>(4) Az igazolv\u00e1nyt vissza kell vonni, ha olyan k\u00f6r\u00fclm\u00e9ny mer\u00fcl fel, amely annak kiad\u00e1s\u00e1t kiz\u00e1rn\u00e1, vagy az \u00fczembentart\u00f3 nem tartja meg a j\u00e1rm\u0171re \u00e9s a j\u00e1rm\u0171vezet\u0151re vonatkoz\u00f3 szakmai el\u0151\u00edr\u00e1sokat, illet\u0151leg, ha olyan tev\u00e9kenys\u00e9get v\u00e9gez, amelyhez nem rendelkezik jogosults\u00e1ggal.<\/p>\n\n\n\n<p><strong>7. \u00a7<\/strong><\/p>\n\n\n\n<p>(1) K\u00f6z\u00fati k\u00f6zleked\u00e9si szolg\u00e1ltat\u00e1shoz haszn\u00e1lt j\u00e1rm\u0171 \u2014 a (3) \u00e9s (4) bekezd\u00e9sben foglalt esetet kiv\u00e9ve \u2014 k\u00f6z\u00faton vagy m\u00e1s k\u00f6zter\u00fcleten nem t\u00e1rolhat\u00f3.<\/p>\n\n\n\n<p>(2) Az az \u00fczembentart\u00f3, aki k\u00f6z\u00fati k\u00f6zleked\u00e9si szolg\u00e1ltat\u00e1si tev\u00e9kenys\u00e9g\u00e9hez t\u00edzn\u00e9l t\u00f6bb j\u00e1rm\u0171vet haszn\u00e1l, j\u00e1rm\u0171veit telephelyen k\u00f6teles t\u00e1rolni.<\/p>\n\n\n\n<p>(3) Ha az \u00fczemben tart\u00f3 a k\u00f6z\u00fati k\u00f6zleked\u00e9si szolg\u00e1ltat\u00e1st legfeljebb 3500 kg legnagyobb megengedett \u00f6sszt\u00f6meg\u0171 g\u00e9pkocsival v\u00e9gzi, e j\u00e1rm\u0171vet a k\u00f6z\u00faton vagy m\u00e1s k\u00f6zter\u00fcleten is t\u00e1rolhatja.<\/p>\n\n\n\n<p>(4) A k\u00f6z\u00fat kezel\u0151je kiv\u00e9telesen indokolt esetben \u2014 olyan helyen, ahol a j\u00e1rm\u0171 a k\u00f6z\u00fati forgalmat nem zavarja \u2014 hozz\u00e1j\u00e1rulhat a k\u00f6z\u00fati k\u00f6zleked\u00e9si szolg\u00e1ltat\u00e1shoz haszn\u00e1lt b\u00e1rmely j\u00e1rm\u0171 (j\u00e1rm\u0171szerelv\u00e9ny) k\u00f6z\u00faton val\u00f3 t\u00e1rol\u00e1s\u00e1hoz. M\u00e1s k\u00f6zter\u00fcleten az ilyen j\u00e1rm\u0171 t\u00e1rol\u00e1s\u00e1hoz k\u00f6zter\u00fclethaszn\u00e1lati enged\u00e9ly sz\u00fcks\u00e9ges.<\/p>\n\n\n\n<p>(5) Az (1), a (3) \u00e9s a (4) bekezd\u00e9sben foglaltakat megfelel\u0151en alkalmazni kell azokra az aut\u00f3buszokra, teherg\u00e9pkocsikra, mez\u0151gazdas\u00e1gi vontat\u00f3kra, lass\u00fa j\u00e1rm\u0171vekre \u00e9s j\u00e1rm\u0171szerelv\u00e9nyekre is, amelyeket nem k\u00f6z\u00fati k\u00f6zleked\u00e9si szolg\u00e1ltat\u00e1shoz haszn\u00e1lnak<\/p>\n\n\n\n<p><strong>8. \u00a7<\/strong><\/p>\n\n\n\n<p>(1)<\/p>\n\n\n\n<p>(2) D\u00edj ellen\u00e9ben aut\u00f3busszal v\u00e9gzett k\u00f6zforgalm\u00fa k\u00f6z\u00fati szem\u00e9lysz\u00e1ll\u00edt\u00e1shoz csak olyan g\u00e9pj\u00e1rm\u0171 haszn\u00e1lhat\u00f3, amelynek erre val\u00f3 alkalmass\u00e1g\u00e1t a ter\u00fcleti k\u00f6zleked\u00e9si hat\u00f3s\u00e1g m\u0171szaki vizsg\u00e1lat alapj\u00e1n kifejezetten meg\u00e1llap\u00edtotta. A felt\u00e9teleknek val\u00f3 megfelel\u00e9s eset\u00e9n a g\u00e9pj\u00e1rm\u0171 forgalmi enged\u00e9ly\u00e9t ,,K\u00f6zforgalm\u00fa szem\u00e9lysz\u00e1ll\u00edt\u00e1sra alkalmas&#8221; bejegyz\u00e9ssel kell ell\u00e1tni. Ha a felt\u00e9teleknek a g\u00e9pj\u00e1rm\u0171 m\u00e1r nem felel meg, a kor\u00e1bbi bejegyz\u00e9st \u00e9rv\u00e9nytelen\u00edteni kell.<\/p>\n\n\n\n<p>(3) \u00c1rutov\u00e1bb\u00edt\u00e1shoz csak olyan j\u00e1rm\u0171 haszn\u00e1lhat\u00f3, amelyen \u2014 a rakom\u00e1ny meg\u00f3v\u00e1sa \u00e9s r\u00f6gz\u00edt\u00e9se c\u00e9lj\u00e1b\u00f3l \u2014 a sz\u00fcks\u00e9ges rakszerek \u00e9s rakod\u00f3berendez\u00e9sek rendelkez\u00e9sre \u00e1llnak.<\/p>\n\n\n\n<p>9. \u00a7<\/p>\n\n\n\n<p>A k\u00f6z\u00fati k\u00f6zleked\u00e9si szolg\u00e1ltat\u00e1shoz haszn\u00e1lt j\u00e1rm\u0171 jobb oldali els\u0151 ajtaj\u00e1nak k\u00fcls\u0151 r\u00e9sz\u00e9n \u2013 teherg\u00e9pkocsi oldalfal\u00e1n \u2013 j\u00f3l l\u00e1that\u00f3 m\u00e9retben fel kell t\u00fcntetni az \u00fczemben tart\u00f3 nev\u00e9t \u00e9s telephely\u00e9t, vagy a k\u00f6zleked\u00e9si hat\u00f3s\u00e1g \u00e1ltal e c\u00e9lra rendszeres\u00edtett jelet \u00e9s az azonos\u00edt\u00e1si sz\u00e1mot.<\/p>\n\n\n\n<p><strong>11. \u00a7<\/strong><\/p>\n\n\n\n<p>(1) K\u00f6z\u00fati k\u00f6zleked\u00e9si szolg\u00e1ltat\u00e1s, tov\u00e1bb\u00e1 k\u00f6z\u00fati \u00e1ru- \u00e9s szem\u00e9lysz\u00e1ll\u00edt\u00e1s keret\u00e9ben j\u00e1rm\u0171vet az vezethet, aki<\/p>\n\n\n\n<p><em>a)<\/em>&nbsp;az adott j\u00e1rm\u0171 vezet\u00e9s\u00e9hez sz\u00fcks\u00e9ges hat\u00e1lyos vezet\u0151i enged\u00e9llyel \u00e9s k\u00fcl\u00f6n jogszab\u00e1lyban meghat\u00e1rozott p\u00e1lyaalkalmass\u00e1gi min\u0151s\u00edt\u00e9ssel rendelkezik,<\/p>\n\n\n\n<p><em>b)<\/em>&nbsp;az 1. sz\u00e1m\u00fa mell\u00e9kletben meghat\u00e1rozott \u2013 tev\u00e9kenys\u00e9g\u00e9hez igazod\u00f3 \u2013 k\u00e9pes\u00edt\u00e9ssel rendelkezik,<\/p>\n\n\n\n<p><em>c)<\/em>&nbsp;nem \u00e1ll a j\u00e1rm\u0171vezet\u00e9st\u0151l eltilt\u00e1s hat\u00e1lya alatt, illetve a vezet\u00e9si jogosults\u00e1ga sz\u00fcnetel\u00e9s\u00e9t a k\u00f6zleked\u00e9si igazgat\u00e1si hat\u00f3s\u00e1g joger\u0151sen nem rendelte el.<\/p>\n\n\n\n<p>(2) Az Eur\u00f3pai Uni\u00f3n k\u00edv\u00fcli \u00e1llam \u00e1llampolg\u00e1ra belf\u00f6ldi vagy nemzetk\u00f6zi k\u00f6z\u00fati \u00e1rufuvaroz\u00e1st v\u00e9gz\u0151, magyar hat\u00f3s\u00e1gi enged\u00e9llyel \u00e9s jelz\u00e9ssel ell\u00e1tott j\u00e1rm\u0171vet \u2013 a 881\/92\/EGK \u00e9s a 3118\/93\/EGK tan\u00e1csi rendeletnek a j\u00e1rm\u0171vezet\u0151i igazolv\u00e1ny l\u00e9trehoz\u00e1sa \u00e9rdek\u00e9ben t\u00f6rt\u00e9n\u0151 m\u00f3dos\u00edt\u00e1s\u00e1r\u00f3l sz\u00f3l\u00f3, 2002. m\u00e1rcius 1-jei 484\/2002\/EK eur\u00f3pai parlamenti \u00e9s tan\u00e1csi rendelet szerint \u2013 nemzetk\u00f6zi k\u00f6z\u00fati \u00e1rufuvaroz\u00e1s eset\u00e9n a k\u00f6z\u00f6ss\u00e9gi enged\u00e9ly, belf\u00f6ldi k\u00f6z\u00fati \u00e1rufuvaroz\u00e1s eset\u00e9n a k\u00f6z\u00fati \u00e1rufuvaroz\u00f3i enged\u00e9ly jogosultj\u00e1nak k\u00e9relm\u00e9re kiadott j\u00e1rm\u0171vezet\u0151i igazolv\u00e1ny birtok\u00e1ban vezethet. A j\u00e1rm\u0171vezet\u0151i igazolv\u00e1nyt a k\u00f6zleked\u00e9si hat\u00f3s\u00e1g adja ki. A j\u00e1rm\u0171vezet\u0151i igazolv\u00e1ny kiad\u00e1sa sor\u00e1n a k\u00fcl\u00f6n jogszab\u00e1lyban meghat\u00e1rozott mentess\u00e9gi ok \u00fcgyf\u00e9l \u00e1ltal igazolt fenn\u00e1ll\u00e1sa eset\u00e9n az igazol\u00e1s val\u00f3s\u00e1gtartalm\u00e1nak ellen\u0151rz\u00e9se \u00e9rdek\u00e9ben a megyei, a f\u0151v\u00e1rosban a f\u0151v\u00e1rosi munka\u00fcgyi k\u00f6zpont belf\u00f6ldi jogseg\u00e9ly keret\u00e9ben megkereshet\u0151.<\/p>\n\n\n\n<p>(3) A j\u00e1rm\u0171vezet\u0151i igazolv\u00e1ny ir\u00e1nti k\u00e9relemhez mell\u00e9kelni kell a j\u00e1rm\u0171vezet\u0151 munkav\u00e1llal\u00e1si enged\u00e9ly\u00e9nek, munkaszerz\u0151d\u00e9s\u00e9nek \u00e9s a Magyar K\u00f6zt\u00e1rsas\u00e1g ter\u00fclet\u00e9n val\u00f3 tart\u00f3zkod\u00e1sa jogszer\u0171s\u00e9g\u00e9t igazol\u00f3 okm\u00e1nynak hiteles m\u00e1solat\u00e1t, valamint a szakmai k\u00e9pes\u00edt\u00e9s\u00e9t igazol\u00f3 irat hiteles m\u00e1solat\u00e1t \u00e9s annak hiteles ford\u00edt\u00e1s\u00e1t. A k\u00f6zleked\u00e9si hat\u00f3s\u00e1g a kiadott j\u00e1rm\u0171vezet\u0151i igazolv\u00e1nyokr\u00f3l nyilv\u00e1ntart\u00e1st vezet \u00e9s a megyei (f\u0151v\u00e1rosi) munkabiztons\u00e1gi \u00e9s munka\u00fcgyi fel\u00fcgyel\u0151s\u00e9get \u00e9rtes\u00edti a j\u00e1rm\u0171vezet\u0151i igazolv\u00e1ny kiad\u00e1s\u00e1r\u00f3l.<\/p>\n\n\n\n<p>(4) A k\u00f6zleked\u00e9si hat\u00f3s\u00e1g ellen\u0151rzi az Eur\u00f3pai Uni\u00f3 m\u00e1s tag\u00e1llam\u00e1nak hat\u00f3s\u00e1gi enged\u00e9ly\u00e9vel \u00e9s jelz\u00e9s\u00e9vel ell\u00e1tott j\u00e1rm\u0171 vezet\u0151je tekintet\u00e9ben a 484\/2002\/EK rendelet j\u00e1rm\u0171vezet\u0151i igazolv\u00e1nyra vonatkoz\u00f3 szab\u00e1lyainak betart\u00e1s\u00e1t.<\/p>\n\n\n\n<p><strong>13. \u00a7<\/strong><\/p>\n\n\n\n<p>A menetrend alapj\u00e1n k\u00f6zleked\u0151 aut\u00f3busz (mikrobusz) homlok- \u00e9s oldalfal\u00e1n a j\u00e1rati \u00fatvonal kezd\u0151- \u00e9s v\u00e9gpontj\u00e1t, a k\u00fcl\u00f6nj\u00e1rati szem\u00e9lysz\u00e1ll\u00edt\u00e1sra haszn\u00e1lt aut\u00f3busz (mikrobusz) homlok- \u00e9s oldalfal\u00e1n ,,k\u00fcl\u00f6nj\u00e1rat&#8221; feliratot felt\u00fcntet\u0151 t\u00e1bl\u00e1t kell elhelyezni. Szerz\u0151d\u00e9ses j\u00e1rat eset\u00e9n az aut\u00f3busz (mikrobusz) homlok- \u00e9s oldalfal\u00e1n a ,,szerz\u0151d\u00e9ses j\u00e1rat&#8221; feliratot, valamint az \u00fatvonal kezd\u0151- \u00e9s v\u00e9gpontj\u00e1t egyar\u00e1nt fel kell t\u00fcntetni.<\/p>\n\n\n\n<p><strong>19. \u00a7<\/strong><\/p>\n\n\n\n<p>(1)<\/p>\n\n\n\n<p>(2) A magyar hat\u00f3s\u00e1gi enged\u00e9llyel \u00e9s jelz\u00e9ssel ell\u00e1tott, k\u00f6z\u00fati k\u00f6zleked\u00e9si szolg\u00e1ltat\u00e1st v\u00e9gz\u0151 aut\u00f3busz, teherg\u00e9pkocsi \u00e9s nyergesvontat\u00f3 (j\u00e1rm\u0171szerelv\u00e9ny) a Magyar K\u00f6zt\u00e1rsas\u00e1g ter\u00fclet\u00e9n k\u00edv\u00fcl k\u00f6z\u00f6ss\u00e9gi enged\u00e9llyel k\u00f6zlekedhet. Az Eur\u00f3pai Uni\u00f3 tag\u00e1llamain k\u00edv\u00fcli \u00e1llamban magyar hat\u00f3s\u00e1gi enged\u00e9llyel \u00e9s jelz\u00e9ssel ell\u00e1tott aut\u00f3busz, teherg\u00e9pkocsi \u00e9s nyergesvontat\u00f3 (j\u00e1rm\u0171szerelv\u00e9ny) a k\u00e9toldal\u00fa nemzetk\u00f6zi szerz\u0151d\u00e9sekben meghat\u00e1rozott enged\u00e9llyel, vagy a K\u00f6zleked\u00e9si Miniszterek Eur\u00f3pai Konferenci\u00e1ja \u00e1ltal l\u00e9trehozott \u00e9s az illet\u00e9kes magyar hat\u00f3s\u00e1g \u00e1ltal kiadott enged\u00e9llyel (a tov\u00e1bbiakban: CEMT enged\u00e9ly) k\u00f6zlekedhet. Az ilyen j\u00e1rm\u0171 \u00e1ltal az Eur\u00f3pai Uni\u00f3 m\u00e1sik tag\u00e1llama \u00e9s az Eur\u00f3pai Uni\u00f3n k\u00edv\u00fcli \u00e1llam k\u00f6z\u00f6tt v\u00e9gzett k\u00f6z\u00fati \u00e1rufuvaroz\u00e1shoz nemzetk\u00f6zi szerz\u0151d\u00e9s \u00e1rusz\u00e1ll\u00edt\u00e1si enged\u00e9ly haszn\u00e1lat\u00e1t is el\u0151\u00edrhatja.<\/p>\n\n\n\n<p>(3) Az Eur\u00f3pai Uni\u00f3n k\u00edv\u00fcli \u00e1llam hat\u00f3s\u00e1gi enged\u00e9ly\u00e9vel \u00e9s jelz\u00e9s\u00e9vel ell\u00e1tott aut\u00f3busz, teherg\u00e9pkocsi \u00e9s nyergesvontat\u00f3 (j\u00e1rm\u0171szerelv\u00e9ny) a Magyar K\u00f6zt\u00e1rsas\u00e1g ter\u00fclet\u00e9n a k\u00e9toldal\u00fa nemzetk\u00f6zi szerz\u0151d\u00e9sekben meghat\u00e1rozott enged\u00e9llyel vagy a j\u00e1rm\u0171 bejegyz\u00e9se szerinti \u00e1llam illet\u00e9kes hat\u00f3s\u00e1ga \u00e1ltal kiadott CEMT enged\u00e9llyel k\u00f6zlekedhet.<\/p>\n\n\n\n<p>(4) Az Eur\u00f3pai Uni\u00f3 valamely tag\u00e1llam\u00e1nak \u2013 ide nem \u00e9rtve a Magyar K\u00f6zt\u00e1rsas\u00e1got \u2013 hat\u00f3s\u00e1gi enged\u00e9ly\u00e9vel \u00e9s jelz\u00e9s\u00e9vel ell\u00e1tott aut\u00f3busz, teherg\u00e9pkocsi \u00e9s nyergesvontat\u00f3 (j\u00e1rm\u0171szerelv\u00e9ny) a Magyar K\u00f6zt\u00e1rsas\u00e1g ter\u00fclet\u00e9n k\u00f6z\u00f6ss\u00e9gi enged\u00e9llyel k\u00f6zlekedhet. A Magyar K\u00f6zt\u00e1rsas\u00e1g \u00e9s az Eur\u00f3pai Uni\u00f3n k\u00edv\u00fcli \u00e1llam k\u00f6z\u00f6tti nemzetk\u00f6zi k\u00f6z\u00fati \u00e1rufuvaroz\u00e1s v\u00e9gz\u00e9s\u00e9hez e j\u00e1rm\u0171vek sz\u00e1m\u00e1ra nemzetk\u00f6zi szerz\u0151d\u00e9s \u00e1rusz\u00e1ll\u00edt\u00e1si enged\u00e9ly haszn\u00e1lat\u00e1t is el\u0151\u00edrhatja.<\/p>\n\n\n\n<p>(5) Ha nemzetk\u00f6zi szerz\u0151d\u00e9s m\u00e1sk\u00e9nt nem rendelkezik, a 3. sz\u00e1m\u00fa mell\u00e9kletben meghat\u00e1rozott \u00e1rusz\u00e1ll\u00edt\u00e1si feladatot, valamint az ezzel igazoltan \u00f6sszef\u00fcgg\u0151 \u00fcresj\u00e1ratot teljes\u00edt\u0151, az Eur\u00f3pai Uni\u00f3 m\u00e1s tag\u00e1llam\u00e1ban bejegyzett j\u00e1rm\u0171 a Magyar K\u00f6zt\u00e1rsas\u00e1g ter\u00fclet\u00e9n, a Magyar K\u00f6zt\u00e1rsas\u00e1gban bejegyzett, a 3. sz\u00e1m\u00fa mell\u00e9klet 4. pontj\u00e1ban meghat\u00e1rozott \u00e1rusz\u00e1ll\u00edt\u00e1si tev\u00e9kenys\u00e9get v\u00e9gz\u0151 j\u00e1rm\u0171 az Eur\u00f3pai Uni\u00f3 t\u00f6bbi tag\u00e1llam\u00e1ban k\u00f6z\u00f6ss\u00e9gi enged\u00e9ly \u00e9s \u00e1rusz\u00e1ll\u00edt\u00e1si enged\u00e9ly n\u00e9lk\u00fcl, a 3. sz\u00e1m\u00fa mell\u00e9klet 1\u20133. \u00e9s 5. pontj\u00e1ban meghat\u00e1rozott \u00e1rusz\u00e1ll\u00edt\u00e1si tev\u00e9kenys\u00e9get v\u00e9gz\u0151 j\u00e1rm\u0171 \u00e1rusz\u00e1ll\u00edt\u00e1si enged\u00e9ly n\u00e9lk\u00fcl k\u00f6zlekedhet.<\/p>\n\n\n\n<p><strong>20. \u00a7<\/strong><\/p>\n\n\n\n<p>A 17\u201419. \u00a7-ban foglaltak nem \u00e9rintik az orsz\u00e1ghat\u00e1r \u00e1tl\u00e9p\u00e9s\u00e9re \u00e9s az orsz\u00e1ghat\u00e1ron k\u00edv\u00fcli forgalomra vonatkoz\u00f3 egy\u00e9b jogszab\u00e1lyokban (\u00fatlev\u00e9l, deviza, v\u00e1m stb.) meghat\u00e1rozott felt\u00e9teleket, korl\u00e1toz\u00e1sokat \u00e9s tilalmakat.<\/p>\n\n\n\n<p>1) Az Eur\u00f3pai Uni\u00f3 tag\u00e1llamain k\u00edv\u00fcli \u00e1llamba ir\u00e1nyul\u00f3 nemzetk\u00f6zi k\u00f6z\u00fati \u00e1rufuvaroz\u00e1s lebonyol\u00edt\u00e1s\u00e1hoz sz\u00fcks\u00e9ges \u00e1rusz\u00e1ll\u00edt\u00e1si enged\u00e9lyek eloszt\u00e1si elveinek meghat\u00e1roz\u00e1s\u00e1hoz az illet\u00e9kes szakmai \u00e9rdekk\u00e9pviseleti szervezetek v\u00e9lem\u00e9ny\u00e9t ki kell k\u00e9rni.<\/p>\n\n\n\n<p>(2) A k\u00f6zleked\u00e9s\u00e9rt felel\u0151s miniszter gondoskodik az \u00e1rusz\u00e1ll\u00edt\u00e1si enged\u00e9lyek eloszt\u00e1si elveinek meghat\u00e1roz\u00e1s\u00e1r\u00f3l. Az enged\u00e9lyeket a k\u00f6zleked\u00e9si hat\u00f3s\u00e1g adja ki. Minden, a magyar k\u00f6zleked\u00e9si hat\u00f3s\u00e1g \u00e1ltal kiadott, a k\u00f6z\u00fati \u00e1rufuvaroz\u00e1s v\u00e9gz\u00e9s\u00e9re jogos\u00edt\u00f3 enged\u00e9ly az illet\u00e9kes szakmai \u00e9rdekk\u00e9pviselet k\u00e9relm\u00e9re visszavonhat\u00f3.<\/p>\n\n\n\n<p>(3) A nemzetk\u00f6zi szerz\u0151d\u00e9sek szerint enged\u00e9lyk\u00f6teles szem\u00e9lysz\u00e1ll\u00edt\u00e1si tev\u00e9kenys\u00e9get v\u00e9gz\u0151 aut\u00f3buszok j\u00e1rati enged\u00e9lyeit a nemzetk\u00f6zi szerz\u0151d\u00e9sekben meghat\u00e1rozott keretek k\u00f6z\u00f6tt a k\u00f6zleked\u00e9si hat\u00f3s\u00e1g adja ki. Az enged\u00e9lyt \u2013 a m\u00e1sik szerz\u0151d\u0151 f\u00e9l illet\u00e9kes hat\u00f3s\u00e1g\u00e1nak egyidej\u0171 \u00e9rtes\u00edt\u00e9s\u00e9vel \u2013 a k\u00f6zleked\u00e9si hat\u00f3s\u00e1g visszavonja, ha az enged\u00e9lyes az enged\u00e9ly kiad\u00e1s\u00e1nak felt\u00e9teleit m\u00e1r nem teljes\u00edti, illetve s\u00falyosan vagy ism\u00e9telten megs\u00e9rti az enged\u00e9lyezett tev\u00e9kenys\u00e9g v\u00e9gz\u00e9s\u00e9re vonatkoz\u00f3 el\u0151\u00edr\u00e1sokat.<\/p>\n\n\n\n<p>(4) Az Eur\u00f3pai Uni\u00f3 m\u00e1s tag\u00e1llam\u00e1ban bejegyzett j\u00e1rm\u0171vel a Magyar K\u00f6zt\u00e1rsas\u00e1g ter\u00fclet\u00e9n kabot\u00e1zsk\u00e9nt v\u00e9gzett k\u00f6z\u00fati \u00e1rusz\u00e1ll\u00edt\u00e1si tev\u00e9kenys\u00e9g \u2013 kiv\u00e9ve, ha adott tag\u00e1llam csatlakoz\u00e1si szerz\u0151d\u00e9se ett\u0151l elt\u00e9r\u0151 rendelkez\u00e9st tartalmaz \u2013 a nemzetk\u00f6zi k\u00f6z\u00fati \u00e1rufuvaroz\u00e1si piachoz val\u00f3 hozz\u00e1f\u00e9r\u00e9s k\u00f6z\u00f6s szab\u00e1lyair\u00f3l sz\u00f3l\u00f3, 2009. okt\u00f3ber 21-i 1072\/2009\/EK eur\u00f3pai parlamenti \u00e9s tan\u00e1csi rendeletnek megfelel\u0151en \u2013 az (5) bekezd\u00e9sben foglalt kiv\u00e9tellel \u2013 igazolt nemzetk\u00f6zi fuvarfeladat teljes\u00edt\u00e9s\u00e9t k\u00f6vet\u0151en v\u00e9gezhet\u0151.<\/p>\n\n\n\n<p>(5) A (4) bekezd\u00e9sben foglalt rendelkez\u00e9st nem kell alkalmazni a 3. sz\u00e1m\u00fa mell\u00e9klet 4. \u00e9s 5. pontja szerinti sz\u00e1ll\u00edt\u00e1si feladatot teljes\u00edt\u0151 j\u00e1rm\u0171re.<\/p>\n\n\n\n<p>(6)\u2013(7)<\/p>\n\n\n\n<p>(8) Ha az \u00fczemben tart\u00f3 ism\u00e9telten \u00e9s s\u00falyosan megs\u00e9rti a kabot\u00e1zs-tev\u00e9kenys\u00e9gre vonatkoz\u00f3 szab\u00e1lyokat, az ellen\u0151rz\u00e9st v\u00e9gz\u0151 hat\u00f3s\u00e1g az NKH K\u00f6zponti Hivatal\u00e1n\u00e1l kezdem\u00e9nyezheti az \u00fczemben tart\u00f3 kabot\u00e1zs-tev\u00e9kenys\u00e9gb\u0151l t\u00f6rt\u00e9n\u0151 id\u0151szakos kiz\u00e1r\u00e1s\u00e1t a Magyar K\u00f6zt\u00e1rsas\u00e1g ter\u00fclet\u00e9n.<\/p>\n\n\n\n<p>(9) A Magyar K\u00f6zt\u00e1rsas\u00e1g ter\u00fclet\u00e9n az Eur\u00f3pai Uni\u00f3n k\u00edv\u00fcli \u00e1llam hat\u00f3s\u00e1gi enged\u00e9ly\u00e9vel \u00e9s jelz\u00e9s\u00e9vel ell\u00e1tott j\u00e1rm\u0171vel kabot\u00e1zsk\u00e9nt k\u00f6z\u00fati k\u00f6zleked\u00e9si szolg\u00e1ltat\u00e1si tev\u00e9kenys\u00e9g \u2013 ha nemzetk\u00f6zi szerz\u0151d\u00e9s m\u00e1sk\u00e9nt nem rendelkezik \u2013 a k\u00f6zleked\u00e9s\u00e9rt felel\u0151s miniszter enged\u00e9ly\u00e9vel folytathat\u00f3.<\/p>\n\n\n\n<p>(10) Az Eur\u00f3pai Uni\u00f3 m\u00e1s tag\u00e1llam\u00e1nak hat\u00f3s\u00e1gi enged\u00e9ly\u00e9vel \u00e9s jelz\u00e9s\u00e9vel ell\u00e1tott aut\u00f3busz a Magyar K\u00f6zt\u00e1rsas\u00e1g ter\u00fclet\u00e9n kabot\u00e1zsk\u00e9nt k\u00fcl\u00f6nj\u00e1rati \u00e9s szerz\u0151d\u00e9ses szem\u00e9lysz\u00e1ll\u00edt\u00e1st erre vonatkoz\u00f3 k\u00fcl\u00f6n enged\u00e9ly n\u00e9lk\u00fcl v\u00e9gezhet. A valamely tag\u00e1llamban nem honos fuvaroz\u00f3k sz\u00e1m\u00e1ra a belf\u00f6ldi k\u00f6z\u00fati szem\u00e9lysz\u00e1ll\u00edt\u00e1si szolg\u00e1ltat\u00e1s felt\u00e9teleinek meg\u00e1llap\u00edt\u00e1s\u00e1r\u00f3l sz\u00f3l\u00f3, 1997. december 11-i 12\/98\/EK tan\u00e1csi rendeletben el\u0151\u00edrt, az Eur\u00f3pai Bizotts\u00e1g r\u00e9sz\u00e9re t\u00f6rt\u00e9n\u0151 \u00e9rtes\u00edt\u00e9si \u00e9s t\u00e1j\u00e9koztat\u00e1si k\u00f6telezetts\u00e9get az NKH K\u00f6zponti Hivatala teljes\u00edti. A menetrend szerinti k\u00f6zforgalm\u00fa k\u00f6z\u00fati szem\u00e9lysz\u00e1ll\u00edt\u00e1sra az Eur\u00f3pai Uni\u00f3 tag\u00e1llamaiban honos v\u00e1llalkoz\u00e1sok r\u00e9sz\u00e9re kiadott kabot\u00e1zs-enged\u00e9lyek sz\u00e1m\u00e1r\u00f3l a k\u00f6zleked\u00e9s\u00e9rt felel\u0151s miniszter \u00e9vente t\u00e1j\u00e9koztatja az Eur\u00f3pai Bizotts\u00e1got az NKH K\u00f6zponti Hivatala \u00fatj\u00e1n.<\/p>\n\n\n\n<p>(11) Az NKH K\u00f6zponti Hivatala a k\u00fclf\u00f6ldi hat\u00f3s\u00e1gi enged\u00e9llyel \u00e9s jelz\u00e9ssel ell\u00e1tott j\u00e1rm\u0171vek Magyar K\u00f6zt\u00e1rsas\u00e1g ter\u00fclet\u00e9n v\u00e9gzett kabot\u00e1zs-tev\u00e9kenys\u00e9g\u00e9nek \u00f6sszes\u00edtett sz\u00e1madat\u00e1t \u00e9vente egy alkalommal statisztikai c\u00e9lb\u00f3l \u00e1tadja a K\u00f6zponti Statisztikai Hivatalnak.<\/p>\n\n\n\n<p><strong>23. \u00a7<\/strong><\/p>\n\n\n\n<p>(1) A \u2014 nem menetrend szerint, de d\u00edj ellen\u00e9ben \u2014 k\u00f6z\u00fati szem\u00e9lysz\u00e1ll\u00edt\u00e1st v\u00e9gz\u0151 aut\u00f3busz, illet\u0151leg a k\u00f6z\u00fati \u00e1rufuvaroz\u00e1st v\u00e9gz\u0151 g\u00e9pkocsi, mez\u0151gazdas\u00e1gi vontat\u00f3, lass\u00fa j\u00e1rm\u0171, ezekb\u0151l \u00e9s p\u00f3tkocsikb\u00f3l \u00e1ll\u00f3 j\u00e1rm\u0171szerelv\u00e9ny a k\u00f6z\u00fati forgalomban aut\u00f3buszmenetlev\u00e9llel, illet\u0151leg fuvarlev\u00e9llel vehet r\u00e9szt.<\/p>\n\n\n\n<p>(2) Aut\u00f3busz-menetlev\u00e9lk\u00e9nt olyan okm\u00e1ny haszn\u00e1lhat\u00f3, amely legal\u00e1bb a k\u00f6vetkez\u0151 adatokat tartalmazza:<\/p>\n\n\n\n<p><em>a)<\/em>&nbsp;a szem\u00e9lysz\u00e1ll\u00edt\u00e1s jellege (szerz\u0151d\u00e9ses, k\u00fcl\u00f6nj\u00e1rati, rendelkez\u00e9sre bocs\u00e1t\u00e1s),<\/p>\n\n\n\n<p><em>b)<\/em>&nbsp;az \u00fczemben tart\u00f3 \u00e9s \u2013 amennyiben van ilyen \u2013 a megrendel\u0151 (szerz\u0151d\u0151 f\u00e9l) megnevez\u00e9se \u00e9s c\u00edme,<\/p>\n\n\n\n<p><em>c)<\/em>&nbsp;a j\u00e1rm\u0171 rendsz\u00e1ma \u00e9s a g\u00e9pj\u00e1rm\u0171vezet\u0151 (g\u00e9pj\u00e1rm\u0171vezet\u0151k) neve,<\/p>\n\n\n\n<p><em>d)<\/em>&nbsp;a j\u00e1rm\u0171 ki\u00e1ll\u00edt\u00e1s\u00e1nak helye \u00e9s ideje,<\/p>\n\n\n\n<p><em>e)<\/em>&nbsp;az \u00fatvonal az indul\u00e1sok, meg\u00e1ll\u00e1sok, \u00e9rkez\u00e9sek hely\u00e9nek \u00e9s idej\u00e9nek, a sz\u00e1ll\u00edtott utasok sz\u00e1m\u00e1nak, a kilom\u00e9ter\u00f3ra \u00e1ll\u00e1s\u00e1nak, valamint a megtett kilom\u00e9ter-teljes\u00edtm\u00e9nynek a felt\u00fcntet\u00e9s\u00e9vel.<\/p>\n\n\n\n<p>(3) Fuvarlev\u00e9lk\u00e9nt olyan okm\u00e1ny haszn\u00e1lhat\u00f3, amely legal\u00e1bb a k\u00f6vetkez\u0151 adatokat tartalmazza:<\/p>\n\n\n\n<p><em>a)<\/em>&nbsp;a sz\u00e1ll\u00edt\u00e1s jellege (fuvaroz\u00e1s, rendelkez\u00e9sre bocs\u00e1t\u00e1s, b\u00e9rvontat\u00e1s, aut\u00f3ment\u00e9s),<\/p>\n\n\n\n<p><em>b)<\/em>&nbsp;az \u00fczemben tart\u00f3 \u00e9s a fuvaroztat\u00f3 megnevez\u00e9se, c\u00edme,<\/p>\n\n\n\n<p><em>c)<\/em>&nbsp;a j\u00e1rm\u0171 rendsz\u00e1ma \u00e9s a g\u00e9pj\u00e1rm\u0171vezet\u0151 (g\u00e9pj\u00e1rm\u0171vezet\u0151k) neve,<\/p>\n\n\n\n<p><em>d)<\/em>&nbsp;az \u00e1rura vonatkoz\u00f3 adatok [az \u00e1rutulajdonos \u00e1ltal ki\u00e1ll\u00edtott sz\u00e1ll\u00edt\u00f3lev\u00e9l sz\u00e1ma, az \u00e1ru megnevez\u00e9se, mennyis\u00e9ge, a csomagol\u00e1s m\u00f3dja, vesz\u00e9lyes \u00e1rukn\u00e1l a Vesz\u00e9lyes \u00c1ruk Nemzetk\u00f6zi K\u00f6z\u00fati Sz\u00e1ll\u00edt\u00e1s\u00e1r\u00f3l sz\u00f3l\u00f3 Eur\u00f3pai meg\u00e1llapod\u00e1s (ADR) szerinti adatok], illet\u0151leg a vontatott vagy sz\u00e1ll\u00edtott j\u00e1rm\u0171re vonatkoz\u00f3 adatok (tulajdonos vagy \u00fczemben tart\u00f3 megnevez\u00e9se, c\u00edme, j\u00e1rm\u0171 rendsz\u00e1ma),<\/p>\n\n\n\n<p><em>e)<\/em>&nbsp;az \u00e1ru \u00e1tv\u00e9tel\u00e9nek \u00e9s kiszolg\u00e1ltat\u00e1s\u00e1nak helye, ideje,<\/p>\n\n\n\n<p><em>f)<\/em>&nbsp;az \u00fatvonal az indul\u00e1s, a meg\u00e1ll\u00e1sok (fel- \u00e9s lerakod\u00e1s), az \u00e9rkez\u00e9s hely\u00e9nek \u00e9s idej\u00e9nek, a kilom\u00e9ter\u00f3ra \u00e1ll\u00e1s\u00e1nak, valamint a \u2013 rakom\u00e1nnyal vagy rakom\u00e1ny n\u00e9lk\u00fcl \u2013 megtett kilom\u00e9ter-teljes\u00edtm\u00e9nynek a felt\u00fcntet\u00e9s\u00e9vel.<\/p>\n\n\n\n<p>(4) A k\u00f6z\u00fati forgalomban nem k\u00f6z\u00fati k\u00f6zleked\u00e9si szolg\u00e1ltat\u00e1st v\u00e9gz\u0151 teherg\u00e9pkocsi, vontat\u00f3, mez\u0151gazdas\u00e1gi vontat\u00f3 \u00e9s ezekb\u0151l \u00e1ll\u00f3 j\u00e1rm\u0171szerelv\u00e9ny, valamint aut\u00f3busz menetlev\u00e9llel vehet r\u00e9szt.<\/p>\n\n\n\n<p>(5) A (4) bekezd\u00e9sben meghat\u00e1rozott esetekben menetlev\u00e9lk\u00e9nt olyan okm\u00e1ny haszn\u00e1lhat\u00f3, amely legal\u00e1bb a k\u00f6vetkez\u0151 adatokat tartalmazza:<\/p>\n\n\n\n<p><em>a)<\/em>&nbsp;az \u00fczemben tart\u00f3 megnevez\u00e9se, sz\u00e9khelye \u00e9s a g\u00e9pj\u00e1rm\u0171vezet\u0151 neve,<\/p>\n\n\n\n<p><em>b)<\/em>&nbsp;a j\u00e1rm\u0171 rendsz\u00e1ma, telephelye,<\/p>\n\n\n\n<p><em>c)<\/em>&nbsp;a rakom\u00e1nyra vonatkoz\u00f3 adatok (az \u00e1rutulajdonos \u00e1ltal ki\u00e1ll\u00edtott sz\u00e1ll\u00edt\u00f3lev\u00e9l sz\u00e1ma, a sz\u00e1ll\u00edtm\u00e1ny megnevez\u00e9se, mennyis\u00e9ge, sz\u00e1rmaz\u00e1sa, a csomagol\u00e1s m\u00f3dja, vesz\u00e9lyes \u00e1rukn\u00e1l az ADR szerinti adatok), illet\u0151leg a sz\u00e1ll\u00edtott szem\u00e9lyek sz\u00e1m\u00e1ra vonatkoz\u00f3 adatok az indul\u00e1s, a meg\u00e1ll\u00e1sok \u00e9s az \u00e9rkez\u00e9s hely\u00e9nek (fel- \u00e9s lerakod\u00e1s) \u00e9s idej\u00e9nek, a kilom\u00e9ter\u00f3ra \u00e1ll\u00e1s\u00e1nak, valamint a megtett kilom\u00e9ter-teljes\u00edtm\u00e9nynek a felt\u00fcntet\u00e9s\u00e9vel.<\/p>\n\n\n\n<p>(6) Az (1) \u00e9s (4) bekezd\u00e9sben meghat\u00e1rozott tev\u00e9kenys\u00e9gre elrendelt okm\u00e1ny szigor\u00fa sz\u00e1mad\u00e1s\u00fanak min\u0151s\u00fcl, azt esem\u00e9nyszer\u0171en kell vezetni. A g\u00e9pj\u00e1rm\u0171 haszn\u00e1latba ad\u00e1s\u00e1nak igazol\u00e1s\u00e1ra az e rendeletben eml\u00edtett menetlev\u00e9l \u00e9s fuvarlev\u00e9l abban az esetben alkalmazhat\u00f3, ha az tartalmazza a k\u00f6z\u00fati k\u00f6zleked\u00e9sr\u0151l sz\u00f3l\u00f3 1988. \u00e9vi I. t\u00f6rv\u00e9ny 21\/A. \u00a7-\u00e1nak (4) bekezd\u00e9se szerinti adatokat is. A mentes\u00fcl\u00e9s igazol\u00e1s\u00e1hoz sz\u00fcks\u00e9ges adatokat az \u00fczemben tart\u00f3 ut\u00f3lag is r\u00e1jegyezheti a fuvarlev\u00e9lre, illetve menetlev\u00e9lre.<\/p>\n\n\n\n<p>(7) \u00d6mlesztett \u00e1ru teherg\u00e9pkocsival, vontat\u00f3val \u00e9s ezekhez kapcsolt p\u00f3tkocsival vagy f\u00e9lp\u00f3tkocsival v\u00e9gzett, a Magyar K\u00f6zt\u00e1rsas\u00e1g ter\u00fclet\u00e9n megkezdett k\u00f6z\u00fati fuvaroz\u00e1s\u00e1hoz (sz\u00e1ll\u00edt\u00e1s\u00e1hoz) kapcsol\u00f3d\u00f3an a j\u00e1rm\u0171 vezet\u0151j\u00e9nek rendelkeznie kell a megrakott j\u00e1rm\u0171 (j\u00e1rm\u0171szerelv\u00e9ny) \u00f6sszt\u00f6meg\u00e9t tartalmaz\u00f3 \u2013 a felrak\u00f3 helyen, hiteles\u00edtett berendez\u00e9ssel (hiteles\u00edtett m\u00e9rleggel) elv\u00e9gzett j\u00e1rm\u0171 m\u00e9rlegel\u00e9s vagy a tengelyterhel\u00e9s m\u00e9r\u00e9s, illet\u0151leg a rakom\u00e1ny s\u00faly\u00e1nak m\u00e9rlegel\u00e9se alapj\u00e1n ki\u00e1ll\u00edtott \u2013 j\u00e1rm\u0171-t\u00f6megbizonylattal (a tov\u00e1bbiakban: bizonylat).<\/p>\n\n\n\n<p>(8) \u00d6mlesztett \u00e1ru sz\u00e1ll\u00edt\u00e1sa eset\u00e9n az \u00e1rut felad\u00f3 vagy a felrak\u00e1st v\u00e9gz\u0151 k\u00f6teles a bizonylatot a felrak\u00e1s hely\u00e9n a (7) bekezd\u00e9sben meghat\u00e1rozott elj\u00e1r\u00e1s szerint ki\u00e1ll\u00edtani \u00e9s a j\u00e1rm\u0171 vezet\u0151j\u00e9nek igazolhat\u00f3 m\u00f3don \u00e1tadni. B\u00e1ny\u00e1szati tev\u00e9kenys\u00e9ggel kitermelhet\u0151 anyagoknak a b\u00e1nya\u00fczem \u00e1ltal a j\u00e1rm\u0171re (j\u00e1rm\u0171szerelv\u00e9nyre) t\u00f6rt\u00e9n\u0151 felrak\u00e1sa eset\u00e9n a felad\u00f3 k\u00f6teles a k\u00fcl\u00f6n jogszab\u00e1lyban meghat\u00e1rozott, a rakod\u00e1sra vonatkoz\u00f3 \u00fczemi utas\u00edt\u00e1soknak megfelel\u0151en elj\u00e1rni.<\/p>\n\n\n\n<p>(9) Ha a felad\u00f3 vagy a felrak\u00e1st v\u00e9gz\u0151 a bizonylat ki\u00e1ll\u00edt\u00e1si k\u00f6telezetts\u00e9g\u00e9nek nem tud eleget tenni, a bizonylat helyett \u00edr\u00e1sbeli nyilatkozatot kell ki\u00e1ll\u00edtania \u00e9s a j\u00e1rm\u0171 vezet\u0151j\u00e9nek igazolhat\u00f3 m\u00f3don \u00e1tadni.<\/p>\n\n\n\n<p>(10) A bizonylat \u00e9s az \u00edr\u00e1sbeli nyilatkozat tartalma:<\/p>\n\n\n\n<p>\u2013 a ki\u00e1ll\u00edt\u00f3 neve, c\u00edme, kiad\u00e1si sorsz\u00e1ma, a kiad\u00e1s helye,<\/p>\n\n\n\n<p>\u2013 a felrakott \u00e1ru megnevez\u00e9se, t\u00f6mege (kg),<\/p>\n\n\n\n<p>\u2013 a felrakod\u00e1s d\u00e1tuma (\u00e9v, h\u00f3, nap, \u00f3ra, perc),<\/p>\n\n\n\n<p>\u2013 a j\u00e1rm\u0171 m\u00e9rlegel\u00e9s vagy tengelyterhel\u00e9s m\u00e9r\u00e9s alapj\u00e1n meg\u00e1llap\u00edtott t\u00f6mege (csak a bizonylaton),<\/p>\n\n\n\n<p>\u2013 a j\u00e1rm\u0171 rendsz\u00e1ma, a menet- vagy fuvarlev\u00e9l sz\u00e1ma,<\/p>\n\n\n\n<p>\u2013 a felrakod\u00e1st v\u00e9gz\u0151 al\u00e1\u00edr\u00e1sa, b\u00e9lyegz\u0151je.<\/p>\n\n\n\n<p>(11) A bizonylat vagy az \u00edr\u00e1sbeli nyilatkozat a sz\u00e1ll\u00edt\u00e1s id\u0151tartama alatt a fuvarlev\u00e9l vagy menetlev\u00e9l mell\u00e9klet\u00e9t k\u00e9pezi, azt az ellen\u0151rz\u00e9st v\u00e9gz\u0151 hat\u00f3s\u00e1g k\u00e9pvisel\u0151j\u00e9nek felsz\u00f3l\u00edt\u00e1s\u00e1ra be kell mutatni. A bizonylatot vagy az \u00edr\u00e1sbeli nyilatkozatot a fuvaroz\u00e1s (sz\u00e1ll\u00edt\u00e1s) befejez\u00e9s\u00e9t k\u00f6vet\u0151en a kapcsol\u00f3d\u00f3 okm\u00e1nyokhoz csatoltan kell meg\u0151rizni.<\/p>\n\n\n\n<p>(12) T\u00fals\u00faly meg\u00e1llap\u00edt\u00e1sa eset\u00e9n a k\u00fcl\u00f6n jogszab\u00e1ly alapj\u00e1n fizetend\u0151 b\u00edrs\u00e1g a bizonylat ki\u00e1ll\u00edt\u00f3j\u00e1t terheli.<\/p>\n\n\n\n<p>(13) A felhaszn\u00e1lt vagy rontott okm\u00e1nyokat sorsz\u00e1m szerint, hi\u00e1nytalanul, a bizonylatokra vonatkoz\u00f3 szab\u00e1lyok szerint kell meg\u0151rizni.<\/p>\n\n\n\n<p>(14) A (2)\u2013(4) bekezd\u00e9sben meghat\u00e1rozott okm\u00e1nyt az \u00fczemben tart\u00f3 vagy \u00edr\u00e1sbeli felhatalmaz\u00e1sa alapj\u00e1n a j\u00e1rm\u0171 vezet\u0151je \u00e1ll\u00edtja ki, aki k\u00f6teles azt a sz\u00e1ll\u00edt\u00e1s sor\u00e1n esem\u00e9nyszer\u0171en vezetni \u00e9s al\u00e1\u00edr\u00e1s\u00e1val hiteles\u00edteni. K\u00f6z\u00fati k\u00f6zleked\u00e9si szolg\u00e1ltat\u00e1s eset\u00e9n a megrendel\u0151, illet\u0151leg a fuvaroztat\u00f3 az okm\u00e1nyon igazolja az elv\u00e9gzett teljes\u00edtm\u00e9nyt, \u00e1rufuvaroz\u00e1sn\u00e1l az \u00e1ru \u00e1tv\u00e9tel\u00e9t is.<\/p>\n\n\n\n<p>(15) K\u00fcl\u00f6n jogszab\u00e1ly az (1)\u2014(4) bekezd\u00e9sekben foglaltakt\u00f3l elt\u00e9r\u0151en rendelkezhet, \u00e9s az e \u00a7-sal nem szab\u00e1lyozott sz\u00e1ll\u00edt\u00e1sokn\u00e1l is a menetlev\u00e9l haszn\u00e1lat\u00e1t k\u00f6telez\u0151v\u00e9 teheti.<\/p>\n\n\n\n<p>(16) \u00dczemanyag v\u00e1s\u00e1rl\u00e1sa vagy v\u00e9telez\u00e9se eset\u00e9n az (1) \u00e9s (4) bekezd\u00e9sben meghat\u00e1rozott okm\u00e1nyon (menetlev\u00e9len, fuvarlev\u00e9len) fel kell jegyezni az \u00fczemanyag-v\u00e1s\u00e1rl\u00e1s vagy v\u00e9telez\u00e9s:<\/p>\n\n\n\n<p><em>a)<\/em>&nbsp;hely\u00e9t, idej\u00e9t \u00e9s a kilom\u00e9ter\u00f3ra \u00e1ll\u00e1s\u00e1t, tov\u00e1bb\u00e1<\/p>\n\n\n\n<p><em>b)<\/em>&nbsp;a v\u00e1s\u00e1rl\u00e1st vagy v\u00e9telez\u00e9st igazol\u00f3 sz\u00e1mla vagy m\u00e1s bizonylat sz\u00e1m\u00e1t.<\/p>\n\n\n\n<p><strong>23\/A. \u00a7<\/strong><\/p>\n\n\n\n<p>A 23. \u00a7 (7)\u2013(10) bekezd\u00e9s\u00e9ben foglaltakat nem kell alkalmazni<\/p>\n\n\n\n<p><em>a)<\/em>&nbsp;a 10 tonna megengedett legnagyobb \u00f6sszt\u00f6meget meg nem halad\u00f3 j\u00e1rm\u0171vekkel, j\u00e1rm\u0171szerelv\u00e9nyekkel v\u00e9gzett sz\u00e1ll\u00edt\u00e1sokra,<\/p>\n\n\n\n<p><em>b)<\/em>&nbsp;a k\u00f6zm\u0171vek meghib\u00e1sod\u00e1sa eset\u00e9n a hiba elh\u00e1r\u00edt\u00e1s\u00e1ra ig\u00e9nybe vett j\u00e1rm\u0171vekkel v\u00e9gzett sz\u00e1ll\u00edt\u00e1sokra,<\/p>\n\n\n\n<p><em>c)<\/em>&nbsp;k\u00f6zvesz\u00e9ly, term\u00e9szeti csap\u00e1s k\u00f6vetkezm\u00e9nyeinek elh\u00e1r\u00edt\u00e1s\u00e1ra ig\u00e9nybe vett j\u00e1rm\u0171vekkel v\u00e9gzett sz\u00e1ll\u00edt\u00e1sokra,<\/p>\n\n\n\n<p><em>d)<\/em>&nbsp;a rendv\u00e9delmi szervek \u00e1ltal \u00fczemeltetett j\u00e1rm\u0171vekkel v\u00e9gzett sz\u00e1ll\u00edt\u00e1sokra.<\/p>\n\n\n\n<p><strong>23\/B. \u00a7<\/strong><\/p>\n\n\n\n<p>(1)Szem\u00e9lyg\u00e9pkocsis szem\u00e9lysz\u00e1ll\u00edt\u00f3 szolg\u00e1ltat\u00e1st v\u00e9gz\u0151 j\u00e1rm\u0171 a 23. \u00a7 (2) bekezd\u00e9s&nbsp;<em>b)\u2013e)<\/em>&nbsp;pontja szerinti adatokat tartalmaz\u00f3 menetlev\u00e9llel vehet r\u00e9szt a k\u00f6z\u00fati forgalomban.<\/p>\n\n\n\n<p>(2) A menetlev\u00e9l szigor\u00fa sz\u00e1mad\u00e1s\u00fa okm\u00e1nynak min\u0151s\u00fcl, azt esem\u00e9nyszer\u0171en kell vezetni. A felhaszn\u00e1lt vagy rontott okm\u00e1nyokat sorsz\u00e1m szerint, hi\u00e1nytalanul, a bizonylatokra vonatkoz\u00f3 szab\u00e1lyok szerint kell meg\u0151rizni.<\/p>\n\n\n\n<p><strong>24. \u00a7<\/strong><\/p>\n\n\n\n<p>A k\u00f6z\u00fati forgalomban a j\u00e1rm\u0171 vezet\u0151je k\u00f6teles a g\u00e9pj\u00e1rm\u0171v\u00f6n, illetve mag\u00e1n\u00e1l tartani \u2013 a k\u00fcl\u00f6n jogszab\u00e1lyokban meghat\u00e1rozott egy\u00e9b okm\u00e1nyokon k\u00edv\u00fcl \u2013 a v\u00e9gzett tev\u00e9kenys\u00e9gt\u0151l f\u00fcgg\u0151en<\/p>\n\n\n\n<p><em>a)<\/em>&nbsp;a 4. \u00a7 szerinti k\u00f6z\u00fati \u00e1rufuvaroz\u00f3i enged\u00e9lyt, a 4\/A. \u00a7 szerinti k\u00f6z\u00f6ss\u00e9gi enged\u00e9ly hiteles m\u00e1solat\u00e1t, az \u00e1rusz\u00e1ll\u00edt\u00e1si enged\u00e9lyt, az 5. \u00a7 szerinti aut\u00f3buszos szem\u00e9lysz\u00e1ll\u00edt\u00f3 enged\u00e9lyt \u00e9s k\u00f6z\u00f6ss\u00e9gi enged\u00e9ly hiteles m\u00e1solat\u00e1t, a j\u00e1rati enged\u00e9lyt, a szem\u00e9lysz\u00e1ll\u00edt\u00e1sra vonatkoz\u00f3 szerz\u0151d\u00e9s hiteles m\u00e1solat\u00e1t, az 5\/A. \u00a7 szerinti taxienged\u00e9lyt, az 5\/B. \u00a7 szerinti szem\u00e9lyg\u00e9pkocsis szem\u00e9lysz\u00e1ll\u00edt\u00f3 enged\u00e9lyt, illet\u0151leg a 2. \u00a7 (2) bekezd\u00e9se szerinti bejelent\u00e9sr\u0151l sz\u00f3l\u00f3 igazol\u00e1st, vagy a 6. \u00a7 szerinti saj\u00e1t sz\u00e1ml\u00e1s utassz\u00e1ll\u00edt\u00e1sra vonatkoz\u00f3 igazolv\u00e1nyt;<\/p>\n\n\n\n<p><em>b)<\/em>&nbsp;a j\u00e1rm\u0171vezet\u0151 r\u00e9sz\u00e9re a rendelet 11. \u00a7-a (1) bekezd\u00e9s\u00e9nek&nbsp;<em>b)<\/em>&nbsp;pontj\u00e1ban meghat\u00e1rozott felt\u00e9tel teljes\u00edt\u00e9s\u00e9r\u0151l sz\u00f3l\u00f3 igazol\u00e1st, illet\u0151leg az 5\/C. \u00a7 szerinti igazolv\u00e1nyt, a g\u00e9pj\u00e1rm\u0171vezet\u0151 foglalkoztat\u00e1si min\u0151s\u00e9g\u00e9t igazol\u00f3 okm\u00e1nyt, valamint a j\u00e1rm\u0171vezet\u0151 \u00e1llampolg\u00e1rs\u00e1g\u00e1t\u00f3l f\u00fcgg\u0151en a 11. \u00a7 (2) bekezd\u00e9se szerinti j\u00e1rm\u0171vezet\u0151i igazolv\u00e1nyt;<\/p>\n\n\n\n<p><em>c)<\/em>&nbsp;a j\u00e1rm\u0171 igazol\u00f3lapj\u00e1t, a 19. \u00a7 (1) bekezd\u00e9s\u00e9ben meghat\u00e1rozott bizony\u00edtv\u00e1nyt, a k\u00fcl\u00f6n jogszab\u00e1lyban meghat\u00e1rozott \u00dczemeltet\u00e9si \u00e9s karbantart\u00e1si napl\u00f3t;<\/p>\n\n\n\n<p><em>d)<\/em>&nbsp;a Bizotts\u00e1g 2121\/98\/EK rendelet\u00e9ben meghat\u00e1rozott okm\u00e1nyokat, a 23. \u00a7 \u00e9s a 23\/A. \u00a7 szerinti fuvarlevelet, menetlevelet, utaslist\u00e1t.<\/p>\n\n\n\n<p><strong>25. \u00a7<\/strong><\/p>\n\n\n\n<p>(1) A j\u00e1rm\u0171vek jogszer\u0171 haszn\u00e1lat\u00e1\u00e9rt, valamint az \u00fczem-, forgalombiztons\u00e1gi \u00e9s k\u00f6rnyezetv\u00e9delmi k\u00f6vetelm\u00e9nyeknek megfelel\u0151 m\u0171szaki \u00e1llapot\u00e1\u00e9rt az \u00fczemben tart\u00f3 felel\u0151s.<\/p>\n\n\n\n<p>(2) Az e rendeletben foglaltak megtart\u00e1s\u00e1t \u2013 a hat\u00e1sk\u00f6r\u00fck gyakorl\u00e1s\u00e1ra vonatkoz\u00f3 szab\u00e1lyok szerint \u2013 a k\u00f6zleked\u00e9si hat\u00f3s\u00e1gok tov\u00e1bb\u00e1 a szem\u00e9lytaxi-szolg\u00e1ltat\u00e1s \u00e9s a szem\u00e9lyg\u00e9pkocsis szem\u00e9lysz\u00e1ll\u00edt\u00f3 szolg\u00e1ltat\u00e1s eset\u00e9n a telep\u00fcl\u00e9si \u00f6nkorm\u00e1nyzat jegyz\u0151je (a f\u0151v\u00e1rosban a F\u0151v\u00e1rosi \u00d6nkorm\u00e1nyzat f\u0151jegyz\u0151je), a Nemzeti Fogyaszt\u00f3v\u00e9delmi Hat\u00f3s\u00e1g is ellen\u0151rzi. Az ellen\u0151rz\u00e9sre jogosult szervek az 5\/A. \u00a7-ban, az 5\/B. \u00a7-ban \u00e9s az 5\/C. \u00a7-ban el\u0151\u00edrt felt\u00e9telek megl\u00e9t\u00e9t, valamint a k\u00f6zter\u00fclet haszn\u00e1lat\u00e1ra \u00e9s az \u00e1ralkalmaz\u00e1sra vonatkoz\u00f3 el\u0151\u00edr\u00e1sok megtart\u00e1s\u00e1t a taxi\u00e1llom\u00e1sokon \u00e9s pr\u00f3bautaz\u00e1sok sor\u00e1n is ellen\u0151rzik. Az ellen\u0151rz\u00e9st v\u00e9gz\u0151 szervek hat\u00e1sk\u00f6r\u00fckbe tartoz\u00f3an lefolytatj\u00e1k a szab\u00e1lys\u00e9rt\u00e9si vagy k\u00f6zigazgat\u00e1si elj\u00e1r\u00e1st, a k\u00f6z\u00fati k\u00f6zleked\u00e9si szolg\u00e1ltat\u00e1si tev\u00e9kenys\u00e9g gyakorl\u00e1s\u00e1nak jog\u00e1t felf\u00fcggeszthetik; az enged\u00e9ly, az igazolv\u00e1ny visszavon\u00e1s\u00e1t kezdem\u00e9nyezhetik.<\/p>\n\n\n\n<p>(3) Ha az \u00fczemben tart\u00f3 az el\u0151\u00edrt enged\u00e9ly n\u00e9lk\u00fcl, illet\u0151leg a k\u00f6zleked\u00e9si hat\u00f3s\u00e1g tilalma ellen\u00e9re v\u00e9gez j\u00e1rm\u0171v\u00e9vel k\u00f6z\u00fati k\u00f6zleked\u00e9si szolg\u00e1ltat\u00e1st, a k\u00f6zleked\u00e9si hat\u00f3s\u00e1g kezdem\u00e9nyez\u00e9s\u00e9re a rend\u0151rhat\u00f3s\u00e1g a j\u00e1rm\u0171 hat\u00f3s\u00e1gi (forgalmi) enged\u00e9ly\u00e9t meghat\u00e1rozott id\u0151re bevonhatja.<\/p>\n\n\n\n<p><strong>26. \u00a7<\/strong><\/p>\n\n\n\n<p>(1) Ez a rendelet 1989. janu\u00e1r 1. napj\u00e1n l\u00e9p hat\u00e1lyba.<\/p>\n\n\n\n<p>(2) E rendelet alkalmaz\u00e1s\u00e1ban<\/p>\n\n\n\n<p><em>a)<\/em>&nbsp;a g\u00e9pj\u00e1rm\u0171 rendelkez\u00e9sre bocs\u00e1t\u00e1sa [2\/1981. (I. 31.) MT \u00e9s 20\/1981. (VI. 19.) MT rendelet] az \u00e1rufuvaroz\u00e1ssal, illet\u0151leg a d\u00edj ellen\u00e9ben v\u00e9gzett szem\u00e9lysz\u00e1ll\u00edt\u00e1ssal,<\/p>\n\n\n\n<p><em>b)<\/em><\/p>\n\n\n\n<p id=\"KI\">egy tekintet al\u00e1 esnek.<\/p>\n\n\n\n<p>(3) E rendelet alkalmaz\u00e1s\u00e1ban \u00f6mlesztett \u00e1ru minden olyan anyag, amely r\u00e9szecsk\u00e9kb\u0151l, szemcs\u00e9kb\u0151l vagy nagyobb anyagdarabokb\u00f3l, illet\u0151leg ezek kombin\u00e1ci\u00f3j\u00e1b\u00f3l \u00e1ll, \u00e9s amelyet t\u00f6megben, rendezetlen\u00fcl \u00e9s csomagol\u00e1s n\u00e9lk\u00fcl raknak a sz\u00e1ll\u00edt\u00f3 j\u00e1rm\u0171 rakfel\u00fclet\u00e9re.<\/p>\n\n\n\n<p>(4)<\/p>\n\n\n\n<p>(5)<\/p>\n\n\n\n<p>(6)A j\u00e1rand\u00f3s\u00e1gi \u00e9s szem\u00e9lyi haszn\u00e1lat\u00fa szem\u00e9lyg\u00e9pkocsik \u00fczemeltet\u00e9s\u00e9re k\u00fcl\u00f6n rendelkez\u00e9sek ir\u00e1nyad\u00f3ak.<\/p>\n\n\n\n<p>(7)<\/p>\n\n\n\n<p>(8) A menetrend alapj\u00e1n d\u00edj ellen\u00e9ben k\u00f6zforgalm\u00fa k\u00f6z\u00fati szem\u00e9lysz\u00e1ll\u00edt\u00e1st v\u00e9gz\u0151 aut\u00f3buszok j\u00e1rati enged\u00e9lyeinek, valamint a nemzetk\u00f6zi \u00e1rufuvaroz\u00e1si enged\u00e9lyeknek az eloszt\u00e1si elveit \u00e9s d\u00edj\u00e1t a gazdas\u00e1gi \u00e9s k\u00f6zleked\u00e9si miniszter hat\u00e1rozza meg.<\/p>\n\n\n\n<p>(9)<\/p>\n\n\n\n<p><strong>27. \u00a7<\/strong><\/p>\n\n\n\n<p>(1) Ez a rendelet a k\u00f6vetkez\u0151 uni\u00f3s jogi aktusoknak val\u00f3 megfelel\u00e9st szolg\u00e1lja:<\/p>\n\n\n\n<p><em>a)<\/em>&nbsp;az Eur\u00f3pai Parlament \u00e9s a Tan\u00e1cs 2006\/94\/EK ir\u00e1nyelve (2006. december 12.) a k\u00f6z\u00fati \u00e1rufuvaroz\u00e1s egyes t\u00edpusaira vonatkoz\u00f3 k\u00f6z\u00f6s szab\u00e1lyok l\u00e9trehoz\u00e1s\u00e1r\u00f3l;<\/p>\n\n\n\n<p><em>b)<\/em>&nbsp;az Eur\u00f3pai Parlament \u00e9s a Tan\u00e1cs 2003\/59\/EK ir\u00e1nyelve (2003. j\u00falius 15.) egyes k\u00f6z\u00fati \u00e1rufuvaroz\u00e1st vagy szem\u00e9lysz\u00e1ll\u00edt\u00e1st v\u00e9gz\u0151 j\u00e1rm\u0171vek vezet\u0151inek alapk\u00e9pz\u00e9s\u00e9r\u0151l \u00e9s tov\u00e1bbk\u00e9pz\u00e9s\u00e9r\u0151l, valamint a 3820\/85\/EGK tan\u00e1csi rendelet \u00e9s a 61\/439\/EGK, illetve a 76\/914\/EGK tan\u00e1csi ir\u00e1nyelv m\u00f3dos\u00edt\u00e1s\u00e1r\u00f3l, 2. cikk, valamint a 10. cikk (2) \u00e9s (3) bekezd\u00e9se;<\/p>\n\n\n\n<p><em>c)<\/em>&nbsp;a Tan\u00e1cs 2004\/66\/EK ir\u00e1nyelve (2004. \u00e1prilis 26.) az 1999\/45\/EK, a 2002\/83\/EK, a 2003\/37\/EK \u00e9s a 2003\/59\/EK eur\u00f3pai parlamenti \u00e9s tan\u00e1csi ir\u00e1nyelvek, valamint a 77\/388\/EGK, a 91\/414\/EGK, a 96\/26\/EK, a 2003\/48\/EK \u00e9s a 2003\/49\/EK tan\u00e1csi ir\u00e1nyelvek az \u00e1ruk szabad mozg\u00e1sa, a szolg\u00e1ltat\u00e1sok ny\u00fajt\u00e1s\u00e1nak szabads\u00e1ga, a mez\u0151gazdas\u00e1g, a k\u00f6zleked\u00e9spolitika \u00e9s az ad\u00f3z\u00e1s ter\u00fclet\u00e9n, a Cseh K\u00f6zt\u00e1rsas\u00e1g, \u00c9sztorsz\u00e1g, Ciprus, Lettorsz\u00e1g, Litv\u00e1nia, Magyarorsz\u00e1g, M\u00e1lta, Lengyelorsz\u00e1g, Szlov\u00e9nia \u00e9s Szlov\u00e1kia csatlakoz\u00e1s\u00e1ra tekintettel t\u00f6rt\u00e9n\u0151 kiigaz\u00edt\u00e1s\u00e1r\u00f3l, Mell\u00e9klet IV. r\u00e9sz 2. pont;<\/p>\n\n\n\n<p><em>d)<\/em>&nbsp;a Tan\u00e1cs 2006\/103\/EK ir\u00e1nyelve (2006. november 20.) a k\u00f6zleked\u00e9spolitika ter\u00fclet\u00e9n elfogadott egyes ir\u00e1nyelveknek Bulg\u00e1ria \u00e9s Rom\u00e1nia csatlakoz\u00e1s\u00e1ra tekintettel t\u00f6rt\u00e9n\u0151 kiigaz\u00edt\u00e1s\u00e1r\u00f3l, Mell\u00e9klet A. r\u00e9sz 6. pont.<\/p>\n\n\n\n<p>(2) Ez a rendelet a k\u00f6vetkez\u0151 uni\u00f3s jogi aktusok v\u00e9grehajt\u00e1s\u00e1hoz sz\u00fcks\u00e9ges rendelkez\u00e9seket \u00e1llap\u00edtja meg:<\/p>\n\n\n\n<p><em>a)<\/em>&nbsp;a Tan\u00e1cs 881\/92\/EGK rendelete (1992. m\u00e1rcius 26.) a tag\u00e1llamok ter\u00fclet\u00e9re vagy ter\u00fclet\u00e9r\u0151l t\u00f6rt\u00e9n\u0151, illetve a tag\u00e1llamok ter\u00fclet\u00e9n \u00e1thalad\u00f3, K\u00f6z\u00f6ss\u00e9gen bel\u00fcli k\u00f6z\u00fati \u00e1rufuvaroz\u00e1si piacra val\u00f3 bejut\u00e1sr\u00f3l, 13. cikk;<\/p>\n\n\n\n<p><em>b)<\/em>&nbsp;az Eur\u00f3pai Parlament \u00e9s a Tan\u00e1cs 1072\/2009\/EK rendelete (2009. okt\u00f3ber 21.) a nemzetk\u00f6zi k\u00f6z\u00fati \u00e1rufuvaroz\u00e1si piachoz val\u00f3 hozz\u00e1f\u00e9r\u00e9s k\u00f6z\u00f6s szab\u00e1lyair\u00f3l, 8. cikk;<\/p>\n\n\n\n<p><em>c)<\/em>&nbsp;a Bizotts\u00e1g 792\/94\/EK rendelete (1994. \u00e1prilis 8.) a 3118\/93\/EGK tan\u00e1csi rendeletnek a saj\u00e1t sz\u00e1ml\u00e1s k\u00f6z\u00fati \u00e1rufuvaroz\u00f3kra t\u00f6rt\u00e9n\u0151 alkalmaz\u00e1sa r\u00e9szletes szab\u00e1lyair\u00f3l;<\/p>\n\n\n\n<p><em>d)<\/em>&nbsp;az Eur\u00f3pai Parlament \u00e9s a Tan\u00e1cs 484\/2002\/EK rendelete (2002. m\u00e1rcius 1.) a 881\/92\/EGK \u00e9s a 3118\/93\/EGK tan\u00e1csi rendeletnek a j\u00e1rm\u0171vezet\u0151i igazolv\u00e1ny l\u00e9trehoz\u00e1sa \u00e9rdek\u00e9ben t\u00f6rt\u00e9n\u0151 m\u00f3dos\u00edt\u00e1s\u00e1r\u00f3l.<\/p>\n\n\n\n<p id=\"M\"><strong><em>1. sz\u00e1m\u00fa mell\u00e9<\/em><em>klet a 89\/1988. (XII. 20.) MT rendelethez<\/em><\/strong><\/p>\n\n\n\n<p>&nbsp;A. r\u00e9sz<\/p>\n\n\n\n<p><em><strong>A k\u00f6z\u00fati k\u00f6zleked\u00e9si szolg\u00e1ltat\u00e1sn\u00e1l<\/strong><\/em><\/p>\n\n\n\n<p>I. Belf\u00f6ldi k\u00f6z\u00fati k\u00f6zleked\u00e9si szolg\u00e1ltat\u00e1sn\u00e1l:<\/p>\n\n\n\n<p>1\/<em>a)<\/em>&nbsp;Szem\u00e9lytaxival v\u00e9gzett szolg\u00e1ltat\u00e1sn\u00e1l \u00e9s szem\u00e9lyg\u00e9pkocsis szem\u00e9lysz\u00e1ll\u00edt\u00f3 szolg\u00e1ltat\u00e1sn\u00e1l \u2013 a j\u00e1rm\u0171 vezet\u0151j\u00e9nek \u2013 szem\u00e9lytaxis \u00e9s szem\u00e9lyg\u00e9pkocsis szem\u00e9lysz\u00e1ll\u00edt\u00f3 szolg\u00e1ltat\u00f3i k\u00e9pes\u00edt\u00e9ssel kell rendelkeznie. A szem\u00e9lytaxis \u00e9s szem\u00e9lyg\u00e9pkocsis szem\u00e9lysz\u00e1ll\u00edt\u00f3 szolg\u00e1ltat\u00f3i k\u00e9pes\u00edt\u00e9s megszerz\u00e9s\u00e9hez vizsg\u00e1t kell tennie:<\/p>\n\n\n\n<p>\u2013 k\u00f6zleked\u00e9si, hibaelh\u00e1r\u00edt\u00e1si \u00e9s vezet\u00e9stechnikai ismeretekb\u0151l, vezet\u00e9selm\u00e9letb\u0151l,<\/p>\n\n\n\n<p>\u2013 els\u0151seg\u00e9lyny\u00fajt\u00e1si ismeretekb\u0151l,<\/p>\n\n\n\n<p>\u2013 vezet\u00e9si gyakorlatb\u00f3l,<\/p>\n\n\n\n<p>\u2013 a szem\u00e9lytaxi tartoz\u00e9kainak kezel\u00e9s\u00e9b\u0151l,<\/p>\n\n\n\n<p>\u2013 helyismereti j\u00e1rtass\u00e1gb\u00f3l \u00e9s idegenforgalmi ismeretekb\u0151l,<\/p>\n\n\n\n<p>\u2013 utasfelv\u00e9telb\u0151l, fuvarv\u00e1llal\u00e1sb\u00f3l.<\/p>\n\n\n\n<p>1\/<em>b)<\/em>&nbsp;Szem\u00e9lytaxis \u00e9s szem\u00e9lyg\u00e9pkocsis szem\u00e9lysz\u00e1ll\u00edt\u00f3 v\u00e1llalkoz\u00f3i k\u00e9pes\u00edt\u00e9ssel kell rendelkeznie. Szem\u00e9lytaxis \u00e9s szem\u00e9lyg\u00e9pkocsis szem\u00e9lysz\u00e1ll\u00edt\u00f3 v\u00e1llalkoz\u00f3i k\u00e9pes\u00edt\u00e9s megszerz\u00e9s\u00e9hez a v\u00e1llalkoz\u00e1s szakmai vezet\u0151j\u00e9nek vizsg\u00e1t kell tennie:<\/p>\n\n\n\n<p>\u2013 v\u00e1llalkoz\u00e1ssal kapcsolatos munka\u00fcgyi, p\u00e9nz\u00fcgyi, ad\u00f3z\u00e1si ismeretekb\u0151l,<\/p>\n\n\n\n<p>\u2013 a szem\u00e9lysz\u00e1ll\u00edt\u00e1si szerz\u0151d\u00e9sek szab\u00e1lyaib\u00f3l.<\/p>\n\n\n\n<p>2.<\/p>\n\n\n\n<p>3.<\/p>\n\n\n\n<p><strong>II. Nemzetk\u00f6zi forgalomban v\u00e9gzett k\u00f6z\u00fati k\u00f6zleked\u00e9si szolg\u00e1ltat\u00e1sn\u00e1l:<\/strong><\/p>\n\n\n\n<p>1.<\/p>\n\n\n\n<p>2.<\/p>\n\n\n\n<p>3. Az 1. pontban meghat\u00e1rozott nemzetk\u00f6zi aut\u00f3buszos szolg\u00e1ltat\u00f3i k\u00e9pes\u00edt\u00e9s<\/p>\n\n\n\n<p><em>a)<\/em>&nbsp;2003. szeptember 10-e el\u0151tt megszerzett k\u00e9pes\u00edt\u00e9s eset\u00e9ben 2008. szeptember 10-\u00e9ig,<\/p>\n\n\n\n<p><em>b)<\/em>&nbsp;2003. szeptember 9-\u00e9t k\u00f6vet\u0151en megszerzett k\u00e9pes\u00edt\u00e9s eset\u00e9ben a megszerz\u00e9s\u00e9t\u0151l sz\u00e1m\u00edtott 5 \u00e9vig<\/p>\n\n\n\n<p id=\"KI\">hat\u00e1lyos, amely a B. r\u00e9szben meghat\u00e1rozott k\u00e9pes\u00edt\u00e9ssel hosszabb\u00edthat\u00f3 meg.<\/p>\n\n\n\n<p>4.A 2. pontban meghat\u00e1rozott nemzetk\u00f6zi \u00e1rufuvaroz\u00f3i szolg\u00e1ltat\u00f3 k\u00e9pes\u00edt\u00e9s<\/p>\n\n\n\n<p><em>a)<\/em>&nbsp;2004. szeptember 10-e el\u0151tt megszerzett k\u00e9pes\u00edt\u00e9s eset\u00e9ben 2009. szeptember 10-\u00e9ig,<\/p>\n\n\n\n<p><em>b)<\/em>&nbsp;2004. szeptember 9-\u00e9t k\u00f6vet\u0151en megszerzett k\u00e9pes\u00edt\u00e9s eset\u00e9ben a megszerz\u00e9s\u00e9t\u0151l sz\u00e1m\u00edtott 5 \u00e9vig<\/p>\n\n\n\n<p id=\"KI\">hat\u00e1lyos, amely a B. r\u00e9szben meghat\u00e1rozott k\u00e9pes\u00edt\u00e9ssel hosszabb\u00edthat\u00f3 meg.<\/p>\n\n\n\n<p>B. r\u00e9sz<\/p>\n\n\n\n<p>A teherg\u00e9pkocsival \u00e9s aut\u00f3busszal v\u00e9gzett k\u00f6z\u00fati k\u00f6zleked\u00e9si szolg\u00e1ltat\u00e1sn\u00e1l, tov\u00e1bb\u00e1 k\u00f6z\u00fati \u00e1ru- \u00e9s szem\u00e9lysz\u00e1ll\u00edt\u00e1sn\u00e1l:<\/p>\n\n\n\n<p><em>a)<\/em>&nbsp;a C1; C1+E; C; C+E; D1; D1+E; D; D+E vezet\u0151i enged\u00e9ly kateg\u00f3ri\u00e1kkal vezethet\u0151 j\u00e1rm\u0171vek vezet\u00e9s\u00e9hez, az Eur\u00f3pai Gazdas\u00e1gi T\u00e9rs\u00e9gr\u0151l sz\u00f3l\u00f3 meg\u00e1llapod\u00e1sban r\u00e9szes \u00e1llam (a tov\u00e1bbiakban: EGT-\u00e1llam) \u00e1llampolg\u00e1r\u00e1nak \u00e9s a nem EGT-\u00e1llam \u00e1llampolg\u00e1r\u00e1nak rendelkeznie kell a k\u00f6z\u00fati j\u00e1rm\u0171vezet\u0151k \u00e9s a k\u00f6z\u00fati k\u00f6zleked\u00e9si szakemberek k\u00e9pz\u00e9s\u00e9nek \u00e9s vizsg\u00e1ztat\u00e1s\u00e1nak r\u00e9szletes szab\u00e1lyair\u00f3l sz\u00f3l\u00f3 k\u00fcl\u00f6n jogszab\u00e1lyban meghat\u00e1rozott alapk\u00e9pes\u00edt\u00e9ssel, valamint tov\u00e1bbk\u00e9pz\u00e9si k\u00e9pes\u00edt\u00e9ssel, a k\u00f6z\u00fati j\u00e1rm\u0171vezet\u0151k \u00e9s a k\u00f6z\u00fati k\u00f6zleked\u00e9si szakemberek k\u00e9pz\u00e9s\u00e9nek \u00e9s vizsg\u00e1ztat\u00e1s\u00e1nak r\u00e9szletes szab\u00e1lyair\u00f3l sz\u00f3l\u00f3 24\/2005. (IV. 21.) GKM rendelet 33\/B. \u00a7-\u00e1ban \u00e9s 33\/C. \u00a7-\u00e1ban meghat\u00e1rozott id\u0151pontt\u00f3l;<\/p>\n\n\n\n<p><em>b)<\/em>&nbsp;az EGT-\u00e1llam \u00e1llampolg\u00e1ra&nbsp;<em>a)<\/em>&nbsp;pontban meghat\u00e1rozott k\u00e9pes\u00edt\u00e9s megszerz\u00e9s\u00e9t igazolhatja<\/p>\n\n\n\n<p><em>ba)<\/em>&nbsp;a k\u00fcl\u00f6n jogszab\u00e1lyban meghat\u00e1rozott mint\u00e1j\u00fa \u201eG\u00e9pj\u00e1rm\u0171vezet\u0151i k\u00e9pes\u00edt\u00e9si igazolv\u00e1ny\u201d-nyal,<\/p>\n\n\n\n<p><em>bb)<\/em>&nbsp;vezet\u0151i enged\u00e9llyel, amelyen \u2013 az egyes k\u00f6z\u00fati \u00e1rufuvaroz\u00e1st vagy szem\u00e9lysz\u00e1ll\u00edt\u00e1st v\u00e9gz\u0151 j\u00e1rm\u0171vek vezet\u0151inek alapk\u00e9pz\u00e9s\u00e9r\u0151l \u00e9s tov\u00e1bbk\u00e9pz\u00e9s\u00e9r\u0151l, valamint a 3820\/85\/EGK tan\u00e1csi rendelet \u00e9s a 61\/439\/EGK, illetve a 76\/914\/EGK tan\u00e1csi ir\u00e1nyelv m\u00f3dos\u00edt\u00e1s\u00e1r\u00f3l sz\u00f3l\u00f3, 2003. j\u00falius 15-i 2003\/59\/EK eur\u00f3pai parlamenti \u00e9s tan\u00e1csi ir\u00e1nyelv 10. cikk\u00e9nek (2) bekezd\u00e9s\u00e9ben meghat\u00e1rozott \u2013 95. sz. k\u00f6z\u00f6ss\u00e9gi k\u00f3d van felt\u00fcntetve,<\/p>\n\n\n\n<p><em>bc)<\/em>&nbsp;EGT-\u00e1llamban kiadott \u2013 a 2003\/59\/EK eur\u00f3pai parlamenti \u00e9s tan\u00e1csi ir\u00e1nyelv II. mell\u00e9klet\u00e9ben meghat\u00e1rozott mint\u00e1j\u00fa \u2013 \u201eG\u00e9pj\u00e1rm\u0171vezet\u0151i k\u00e9pes\u00edt\u00e9si igazolv\u00e1ny\u201d-nyal;<\/p>\n\n\n\n<p><em>c)<\/em>&nbsp;a nem EGT-\u00e1llam \u00e1llampolg\u00e1ra, akit egy tag\u00e1llami sz\u00e9khellyel rendelkez\u0151 v\u00e1llalkoz\u00e1s alkalmaz vagy foglalkoztat \u00e9s k\u00f6z\u00fati \u00e1rufuvaroz\u00e1sra haszn\u00e1lt j\u00e1rm\u0171vet vezet, az&nbsp;<em>a)<\/em>&nbsp;pontban meghat\u00e1rozott k\u00e9pes\u00edt\u00e9s megszerz\u00e9s\u00e9t igazolhatja az e rendelet 11. \u00a7 (2) bekezd\u00e9s\u00e9ben meghat\u00e1rozott \u201eJ\u00e1rm\u0171vezet\u0151i igazolv\u00e1ny\u201d-nyal, amelyen a 95. sz. k\u00f6z\u00f6ss\u00e9gi k\u00f3d van felt\u00fcntetve;<\/p>\n\n\n\n<p><em>d)<\/em>&nbsp;a nem EGT-\u00e1llam \u00e1llampolg\u00e1ra, akit egy tag\u00e1llami sz\u00e9khellyel rendelkez\u0151 v\u00e1llalkoz\u00e1s alkalmaz vagy foglalkoztat \u00e9s szem\u00e9lysz\u00e1ll\u00edt\u00e1sra haszn\u00e1lt j\u00e1rm\u0171vet vezet, az&nbsp;<em>a)<\/em>&nbsp;pontban meghat\u00e1rozott k\u00e9pes\u00edt\u00e9s megszerz\u00e9s\u00e9t igazolhatja<\/p>\n\n\n\n<p><em>da)<\/em>&nbsp;vezet\u0151i enged\u00e9llyel, amelyen \u2013 az egyes k\u00f6z\u00fati \u00e1rufuvaroz\u00e1st vagy szem\u00e9lysz\u00e1ll\u00edt\u00e1st v\u00e9gz\u0151 j\u00e1rm\u0171vek vezet\u0151inek alapk\u00e9pz\u00e9s\u00e9r\u0151l \u00e9s tov\u00e1bbk\u00e9pz\u00e9s\u00e9r\u0151l, valamint a 3820\/85\/EGK tan\u00e1csi rendelet \u00e9s a 61\/439\/EGK, illetve a 76\/914\/EGK tan\u00e1csi ir\u00e1nyelv m\u00f3dos\u00edt\u00e1s\u00e1r\u00f3l sz\u00f3l\u00f3, 2003. j\u00falius 15-i 2003\/59\/EK eur\u00f3pai parlamenti \u00e9s tan\u00e1csi ir\u00e1nyelv 10. cikk\u00e9nek (2) bekezd\u00e9s\u00e9ben meghat\u00e1rozott \u2013 95. sz. k\u00f6z\u00f6ss\u00e9gi k\u00f3d van felt\u00fcntetve,<\/p>\n\n\n\n<p><em>db)<\/em>&nbsp;a&nbsp;<em>ba)<\/em>&nbsp;pontban meghat\u00e1rozott \u201eG\u00e9pj\u00e1rm\u0171vezet\u0151i k\u00e9pes\u00edt\u00e9si igazolv\u00e1ny\u201d-nyal,<\/p>\n\n\n\n<p><em>dc)<\/em>&nbsp;nemzeti bizony\u00edtv\u00e1nnyal, amelynek ter\u00fclet\u00fck\u00f6n val\u00f3 \u00e9rv\u00e9nyess\u00e9g\u00e9t a tag\u00e1llamok k\u00f6lcs\u00f6n\u00f6sen elismerik;<\/p>\n\n\n\n<p><em>e)<\/em>&nbsp;az&nbsp;<em>a)<\/em>&nbsp;pontban meghat\u00e1rozott k\u00e9pes\u00edt\u00e9s megszerz\u00e9s\u00e9re nem k\u00f6telezett az a g\u00e9pkocsivezet\u0151, aki olyan j\u00e1rm\u0171vet vezet:<\/p>\n\n\n\n<p><em>ea)<\/em>&nbsp;amelynek maxim\u00e1lis enged\u00e9lyezett sebess\u00e9ge nem haladja meg a 45 km\/\u00f3r\u00e1t,<\/p>\n\n\n\n<p><em>eb)<\/em>&nbsp;amelyet a Magyar Honv\u00e9ds\u00e9g, rendv\u00e9delmi szerv, t\u0171zolt\u00f3s\u00e1g tart \u00fczemben,<\/p>\n\n\n\n<p><em>ec)<\/em>&nbsp;amely m\u0171szaki-fejleszt\u00e9si, jav\u00edt\u00e1si vagy karbantart\u00e1si c\u00e9lb\u00f3l forgalombiztons\u00e1gi vizsg\u00e1lat alatt \u00e1ll, vagy olyan \u00faj vagy fel\u00faj\u00edtott j\u00e1rm\u0171, amelyet m\u00e9g nem helyeztek forgalomba,<\/p>\n\n\n\n<p><em>ed)<\/em>&nbsp;amelyet v\u00e9delmi helyzetben vagy katasztr\u00f3fa-elh\u00e1r\u00edt\u00e1s c\u00e9lj\u00e1b\u00f3l haszn\u00e1lnak,<\/p>\n\n\n\n<p><em>ee)<\/em>&nbsp;amelyet a vezet\u0151i enged\u00e9ly vagy az e rendeletben meghat\u00e1rozott szakmai k\u00e9pes\u00edt\u00e9s megszerz\u00e9s\u00e9vel \u00f6sszef\u00fcgg\u00e9sben v\u00e9gzett oktat\u00e1s \u00e9s vizsg\u00e1ztat\u00e1s c\u00e9lj\u00e1b\u00f3l haszn\u00e1lnak,<\/p>\n\n\n\n<p><em>ef)<\/em>&nbsp;amely szem\u00e9lyes haszn\u00e1latban van, \u00e9s amellyel kereskedelmi c\u00e9l\u00fa szem\u00e9ly- \u00e9s \u00e1rusz\u00e1ll\u00edt\u00e1st (k\u00f6z\u00fati k\u00f6zleked\u00e9si szolg\u00e1ltat\u00e1st) nem v\u00e9geznek,<\/p>\n\n\n\n<p><em>eg)<\/em>&nbsp;amellyel csak a j\u00e1rm\u0171vet vezet\u0151 munk\u00e1ja sor\u00e1n haszn\u00e1land\u00f3 anyagot vagy felszerel\u00e9st sz\u00e1ll\u00edtanak \u00e9s a j\u00e1rm\u0171 vezet\u00e9se nem tartozik a g\u00e9pkocsivezet\u0151 els\u0151dleges feladat\u00e1hoz.<\/p>\n\n\n\n<p><em><strong><br>2. sz\u00e1m\u00fa mell\u00e9klet a 89\/1988. (XII. 20.) MT rendelethez<\/strong><\/em><\/p>\n\n\n\n<p><em><strong><br>3. sz\u00e1m\u00fa mell\u00e9klet a 89\/1988. (XII. 20.) MT rendeleth<\/strong>ez<\/em><\/p>\n\n\n\n<p>Enged\u00e9lymentesen v\u00e9gezhet\u0151 nemzetk\u00f6zi k\u00f6z\u00fati \u00e1rusz\u00e1ll\u00edt\u00e1si tev\u00e9kenys\u00e9gek:<\/p>\n\n\n\n<p>1. Postai k\u00fcldem\u00e9ny sz\u00e1ll\u00edt\u00e1sa k\u00f6zszolg\u00e1ltat\u00e1s keret\u00e9ben.<\/p>\n\n\n\n<p>2. S\u00e9r\u00fclt vagy jav\u00edt\u00e1sra szorul\u00f3 j\u00e1rm\u0171 sz\u00e1ll\u00edt\u00e1sa.<\/p>\n\n\n\n<p>3. \u00c1rusz\u00e1ll\u00edt\u00e1s olyan g\u00e9pj\u00e1rm\u0171vel, amelynek megengedett legnagyobb \u00f6sszt\u00f6mege, bele\u00e9rtve a p\u00f3tkocsi \u00f6sszt\u00f6meg\u00e9t is, nem haladja meg a 6 tonn\u00e1t vagy enged\u00e9lyezett terhelhet\u0151s\u00e9ge, bele\u00e9rtve a p\u00f3tkocsi terhelhet\u0151s\u00e9g\u00e9t is, nem haladja meg a 3,5 tonn\u00e1t.<\/p>\n\n\n\n<p>4. \u00c1rusz\u00e1ll\u00edt\u00e1s g\u00e9pj\u00e1rm\u0171vel, amennyiben a k\u00f6vetkez\u0151 felt\u00e9telek teljes\u00fclnek:<\/p>\n\n\n\n<p><em>a)<\/em>&nbsp;a sz\u00e1ll\u00edtott \u00e1runak a v\u00e1llalkoz\u00e1s saj\u00e1t tulajdon\u00e1ban, vagy \u00e1ltala eladottnak, megv\u00e1s\u00e1roltnak, b\u00e9rbe adottnak, b\u00e9reltnek, el\u0151\u00e1ll\u00edtottnak, kinyertnek, feldolgozottnak vagy ism\u00e9telten helyre\u00e1ll\u00edtottnak kell lennie,<\/p>\n\n\n\n<p><em>b)<\/em>&nbsp;a sz\u00e1ll\u00edt\u00e1snak az \u00e1runak a v\u00e1llalkoz\u00e1shoz val\u00f3 besz\u00e1ll\u00edt\u00e1s\u00e1t, a v\u00e1llalkoz\u00e1st\u00f3l val\u00f3 elk\u00fcld\u00e9s\u00e9t, azok v\u00e1llalkoz\u00e1son bel\u00fcli vagy \u2013 saj\u00e1t sz\u00fcks\u00e9gletei kiel\u00e9g\u00edt\u00e9s\u00e9hez \u2013 v\u00e1llalkoz\u00e1son k\u00edv\u00fcli elvitel\u00e9t kell szolg\u00e1lnia,<\/p>\n\n\n\n<p><em>c)<\/em>&nbsp;a sz\u00e1ll\u00edt\u00e1shoz haszn\u00e1lt g\u00e9pj\u00e1rm\u0171vet a v\u00e1llalkoz\u00e1s saj\u00e1t szem\u00e9lyzet\u00e9nek kell vezetnie,<\/p>\n\n\n\n<p><em>d)<\/em>&nbsp;az \u00e1rusz\u00e1ll\u00edt\u00f3 j\u00e1rm\u0171nek a v\u00e1llalkoz\u00e1s tulajdon\u00e1ban kell lennie vagy a b\u00e9relt j\u00e1rm\u0171vel v\u00e9gzett k\u00f6z\u00fati \u00e1rusz\u00e1ll\u00edt\u00e1s k\u00fcl\u00f6n felt\u00e9teleir\u0151l sz\u00f3l\u00f3 4\/2000. (II. 16.) KHVM rendeletben meghat\u00e1rozott \u00e9s az abban el\u0151\u00edrt felt\u00e9teleket teljes\u00edt\u0151 b\u00e9relt j\u00e1rm\u0171nek kell lennie. Ezek az el\u0151\u00edr\u00e1sok nem vonatkoznak az egy\u00e9bk\u00e9nt haszn\u00e1lt j\u00e1rm\u0171 r\u00f6vid idej\u0171 kies\u00e9se id\u0151tartam\u00e1ra be\u00e1ll\u00edtott helyettes\u00edt\u0151 j\u00e1rm\u0171re,<\/p>\n\n\n\n<p><em>e)<\/em>&nbsp;a sz\u00e1ll\u00edt\u00e1s a v\u00e1llalkoz\u00e1s f\u0151tev\u00e9kenys\u00e9g\u00e9hez k\u00e9pest kieg\u00e9sz\u00edt\u0151 jelleg\u0171 tev\u00e9kenys\u00e9g.<\/p>\n\n\n\n<p>5. Gy\u00f3gyszerek, orvosi k\u00e9sz\u00fcl\u00e9kek \u00e9s felszerel\u00e9sek, tov\u00e1bb\u00e1 m\u00e1s s\u00fcrg\u0151s v\u00e9szhelyzetekben (k\u00fcl\u00f6n\u00f6sen term\u00e9szeti katasztr\u00f3f\u00e1k eset\u00e9n) seg\u00e9lyny\u00fajt\u00e1sra sz\u00e1nt \u00e1ruk sz\u00e1ll\u00edt\u00e1sa.<\/p>\n\n\n\n<p>Utols\u00f3 m\u00f3dos\u00edt\u00e1s: 2011.05.06<\/p>\n","protected":false},"excerpt":{"rendered":"<p>1. \u00a7 (1) A rendelet hat\u00e1lya azokra a gazd\u00e1lkod\u00f3 szervezetekre [a Polg\u00e1ri T\u00f6rv\u00e9nyk\u00f6nyvr\u0151l sz\u00f3l\u00f3 1959. \u00e9vi IV. t\u00f6rv\u00e9ny (Ptk.) 685. \u00a7-\u00e1nak&nbsp;c)&nbsp;pontja] terjed ki, amelyek a)&nbsp;a<\/p>\n","protected":false},"author":3,"featured_media":0,"parent":0,"menu_order":0,"comment_status":"closed","ping_status":"closed","template":"","meta":{"footnotes":""},"class_list":["post-315","page","type-page","status-publish","hentry"],"yoast_head":"<!-- This site is optimized with the Yoast SEO plugin v17.3 - https:\/\/yoast.com\/wordpress\/plugins\/seo\/ -->\n<title>G\u00f6dbrother Kft, Teheraut\u00f3 szerviz, Tachogr\u00e1f szerel\u00e9s, Tachogr\u00e1f illeszt\u00e9s<\/title>\n<meta name=\"description\" content=\"teherauto szerviz, tachograf illesztes\" \/>\n<meta name=\"robots\" content=\"index, follow, max-snippet:-1, max-image-preview:large, max-video-preview:-1\" \/>\n<link rel=\"canonical\" href=\"http:\/\/godbrother.hu\/index.php\/89-1988-xii-20-mt-rendelet-a-kozuti-kozlekedesi-szolgaltatasokrol-es-a-kozuti-jarmuvek-uzemben-tartasarol\/\" \/>\n<meta property=\"og:locale\" content=\"en_US\" \/>\n<meta property=\"og:type\" content=\"article\" \/>\n<meta property=\"og:title\" content=\"G\u00f6dbrother Kft, Teheraut\u00f3 szerviz, Tachogr\u00e1f szerel\u00e9s, Tachogr\u00e1f illeszt\u00e9s\" \/>\n<meta property=\"og:description\" content=\"teherauto szerviz, tachograf illesztes\" \/>\n<meta property=\"og:url\" content=\"http:\/\/godbrother.hu\/index.php\/89-1988-xii-20-mt-rendelet-a-kozuti-kozlekedesi-szolgaltatasokrol-es-a-kozuti-jarmuvek-uzemben-tartasarol\/\" \/>\n<meta property=\"article:modified_time\" content=\"2021-08-30T17:59:52+00:00\" \/>\n<meta name=\"twitter:card\" content=\"summary_large_image\" \/>\n<meta name=\"twitter:label1\" content=\"Est. reading time\" \/>\n\t<meta name=\"twitter:data1\" content=\"42 minutes\" \/>\n<script type=\"application\/ld+json\" class=\"yoast-schema-graph\">{\"@context\":\"https:\/\/schema.org\",\"@graph\":[{\"@type\":\"WebSite\",\"@id\":\"http:\/\/godbrother.hu\/#website\",\"url\":\"http:\/\/godbrother.hu\/\",\"name\":\"\",\"description\":\"\",\"potentialAction\":[{\"@type\":\"SearchAction\",\"target\":{\"@type\":\"EntryPoint\",\"urlTemplate\":\"http:\/\/godbrother.hu\/?s={search_term_string}\"},\"query-input\":\"required name=search_term_string\"}],\"inLanguage\":\"en-US\"},{\"@type\":\"WebPage\",\"@id\":\"http:\/\/godbrother.hu\/index.php\/89-1988-xii-20-mt-rendelet-a-kozuti-kozlekedesi-szolgaltatasokrol-es-a-kozuti-jarmuvek-uzemben-tartasarol\/#webpage\",\"url\":\"http:\/\/godbrother.hu\/index.php\/89-1988-xii-20-mt-rendelet-a-kozuti-kozlekedesi-szolgaltatasokrol-es-a-kozuti-jarmuvek-uzemben-tartasarol\/\",\"name\":\"G\\u00f6dbrother Kft, Teheraut\\u00f3 szerviz, Tachogr\\u00e1f szerel\\u00e9s, Tachogr\\u00e1f illeszt\\u00e9s\",\"isPartOf\":{\"@id\":\"http:\/\/godbrother.hu\/#website\"},\"datePublished\":\"2021-08-30T17:41:52+00:00\",\"dateModified\":\"2021-08-30T17:59:52+00:00\",\"description\":\"teherauto szerviz, tachograf illesztes\",\"breadcrumb\":{\"@id\":\"http:\/\/godbrother.hu\/index.php\/89-1988-xii-20-mt-rendelet-a-kozuti-kozlekedesi-szolgaltatasokrol-es-a-kozuti-jarmuvek-uzemben-tartasarol\/#breadcrumb\"},\"inLanguage\":\"en-US\",\"potentialAction\":[{\"@type\":\"ReadAction\",\"target\":[\"http:\/\/godbrother.hu\/index.php\/89-1988-xii-20-mt-rendelet-a-kozuti-kozlekedesi-szolgaltatasokrol-es-a-kozuti-jarmuvek-uzemben-tartasarol\/\"]}]},{\"@type\":\"BreadcrumbList\",\"@id\":\"http:\/\/godbrother.hu\/index.php\/89-1988-xii-20-mt-rendelet-a-kozuti-kozlekedesi-szolgaltatasokrol-es-a-kozuti-jarmuvek-uzemben-tartasarol\/#breadcrumb\",\"itemListElement\":[{\"@type\":\"ListItem\",\"position\":1,\"name\":\"Home\",\"item\":\"http:\/\/godbrother.hu\/\"},{\"@type\":\"ListItem\",\"position\":2,\"name\":\"89\/1988. (XII. 20.) MT RENDELET A K\\u00d6Z\\u00daTI K\\u00d6ZLEKED\\u00c9SI SZOLG\\u00c1LTAT\\u00c1SOKR\\u00d3L \\u00c9S A K\\u00d6Z\\u00daTI J\\u00c1RM\\u0170VEK \\u00dcZEMBEN TART\\u00c1S\\u00c1R\\u00d3L\"}]}]}<\/script>\n<!-- \/ Yoast SEO plugin. -->","yoast_head_json":{"title":"G\u00f6dbrother Kft, Teheraut\u00f3 szerviz, Tachogr\u00e1f szerel\u00e9s, Tachogr\u00e1f illeszt\u00e9s","description":"teherauto szerviz, tachograf illesztes","robots":{"index":"index","follow":"follow","max-snippet":"max-snippet:-1","max-image-preview":"max-image-preview:large","max-video-preview":"max-video-preview:-1"},"canonical":"http:\/\/godbrother.hu\/index.php\/89-1988-xii-20-mt-rendelet-a-kozuti-kozlekedesi-szolgaltatasokrol-es-a-kozuti-jarmuvek-uzemben-tartasarol\/","og_locale":"en_US","og_type":"article","og_title":"G\u00f6dbrother Kft, Teheraut\u00f3 szerviz, Tachogr\u00e1f szerel\u00e9s, Tachogr\u00e1f illeszt\u00e9s","og_description":"teherauto szerviz, tachograf illesztes","og_url":"http:\/\/godbrother.hu\/index.php\/89-1988-xii-20-mt-rendelet-a-kozuti-kozlekedesi-szolgaltatasokrol-es-a-kozuti-jarmuvek-uzemben-tartasarol\/","article_modified_time":"2021-08-30T17:59:52+00:00","twitter_card":"summary_large_image","twitter_misc":{"Est. reading time":"42 minutes"},"schema":{"@context":"https:\/\/schema.org","@graph":[{"@type":"WebSite","@id":"http:\/\/godbrother.hu\/#website","url":"http:\/\/godbrother.hu\/","name":"","description":"","potentialAction":[{"@type":"SearchAction","target":{"@type":"EntryPoint","urlTemplate":"http:\/\/godbrother.hu\/?s={search_term_string}"},"query-input":"required name=search_term_string"}],"inLanguage":"en-US"},{"@type":"WebPage","@id":"http:\/\/godbrother.hu\/index.php\/89-1988-xii-20-mt-rendelet-a-kozuti-kozlekedesi-szolgaltatasokrol-es-a-kozuti-jarmuvek-uzemben-tartasarol\/#webpage","url":"http:\/\/godbrother.hu\/index.php\/89-1988-xii-20-mt-rendelet-a-kozuti-kozlekedesi-szolgaltatasokrol-es-a-kozuti-jarmuvek-uzemben-tartasarol\/","name":"G\u00f6dbrother Kft, Teheraut\u00f3 szerviz, Tachogr\u00e1f szerel\u00e9s, Tachogr\u00e1f illeszt\u00e9s","isPartOf":{"@id":"http:\/\/godbrother.hu\/#website"},"datePublished":"2021-08-30T17:41:52+00:00","dateModified":"2021-08-30T17:59:52+00:00","description":"teherauto szerviz, tachograf illesztes","breadcrumb":{"@id":"http:\/\/godbrother.hu\/index.php\/89-1988-xii-20-mt-rendelet-a-kozuti-kozlekedesi-szolgaltatasokrol-es-a-kozuti-jarmuvek-uzemben-tartasarol\/#breadcrumb"},"inLanguage":"en-US","potentialAction":[{"@type":"ReadAction","target":["http:\/\/godbrother.hu\/index.php\/89-1988-xii-20-mt-rendelet-a-kozuti-kozlekedesi-szolgaltatasokrol-es-a-kozuti-jarmuvek-uzemben-tartasarol\/"]}]},{"@type":"BreadcrumbList","@id":"http:\/\/godbrother.hu\/index.php\/89-1988-xii-20-mt-rendelet-a-kozuti-kozlekedesi-szolgaltatasokrol-es-a-kozuti-jarmuvek-uzemben-tartasarol\/#breadcrumb","itemListElement":[{"@type":"ListItem","position":1,"name":"Home","item":"http:\/\/godbrother.hu\/"},{"@type":"ListItem","position":2,"name":"89\/1988. (XII. 20.) MT RENDELET A K\u00d6Z\u00daTI K\u00d6ZLEKED\u00c9SI SZOLG\u00c1LTAT\u00c1SOKR\u00d3L \u00c9S A K\u00d6Z\u00daTI J\u00c1RM\u0170VEK \u00dcZEMBEN TART\u00c1S\u00c1R\u00d3L"}]}]}},"_links":{"self":[{"href":"http:\/\/godbrother.hu\/index.php\/wp-json\/wp\/v2\/pages\/315","targetHints":{"allow":["GET"]}}],"collection":[{"href":"http:\/\/godbrother.hu\/index.php\/wp-json\/wp\/v2\/pages"}],"about":[{"href":"http:\/\/godbrother.hu\/index.php\/wp-json\/wp\/v2\/types\/page"}],"author":[{"embeddable":true,"href":"http:\/\/godbrother.hu\/index.php\/wp-json\/wp\/v2\/users\/3"}],"replies":[{"embeddable":true,"href":"http:\/\/godbrother.hu\/index.php\/wp-json\/wp\/v2\/comments?post=315"}],"version-history":[{"count":2,"href":"http:\/\/godbrother.hu\/index.php\/wp-json\/wp\/v2\/pages\/315\/revisions"}],"predecessor-version":[{"id":363,"href":"http:\/\/godbrother.hu\/index.php\/wp-json\/wp\/v2\/pages\/315\/revisions\/363"}],"wp:attachment":[{"href":"http:\/\/godbrother.hu\/index.php\/wp-json\/wp\/v2\/media?parent=315"}],"curies":[{"name":"wp","href":"https:\/\/api.w.org\/{rel}","templated":true}]}}